{"id":166,"date":"2022-12-12T10:34:53","date_gmt":"2022-12-12T09:34:53","guid":{"rendered":"http:\/\/www.macardenete.com\/desarrollo\/?page_id=166"},"modified":"2022-12-12T23:13:50","modified_gmt":"2022-12-12T22:13:50","slug":"libros","status":"publish","type":"page","link":"https:\/\/www.macardenete.com\/es\/publicaciones\/libros\/","title":{"rendered":"Libros"},"content":{"rendered":"      <div id=\"post-grid-lazy-189\" class=\"post-grid-lazy\"><img decoding=\"async\" alt=\"\" src=\"\" \/><\/div>\n    <script>\n      jQuery('#post-grid-lazy-189').ready(function($) {\n        $('#post-grid-lazy-189').fadeOut();\n        $('#post-grid-189   ').fadeIn();\n      })\n    <\/script>\n    <style type=\"text\/css\">\n      #post-grid-189 {\n        display: none;\n      }\n\n      .post-grid-lazy {\n        text-align: center;\n      }\n    <\/style>\n    <div data-options='{&quot;id&quot;:&quot;189&quot;,&quot;lazy_load&quot;:&quot;yes&quot;,&quot;masonry_enable&quot;:&quot;no&quot;,&quot;view_type&quot;:&quot;grid&quot;}' id=\"post-grid-189\" class=\"post-grid grid\">\n        <div class=\"grid-items\">\n      <div class=\"item item-4182 skin flat even 0 \">\n        <div class=\"layer-wrapper layout-102\">\n      <div class=\" element_1670265978613\"\n  id=\"\">\n  <div class=\"element element_1670276045419  excerpt \">\n  2024  <\/div>\n<div class=\"element element_1670266093034  title \">\n    <a target=\"_self\"\n    href=\"https:\/\/www.macardenete.com\/es\/publicacion\/economic-impact-of-the-nextgenerationeu-funds-in-andalusia-through-a-dynamic-applied-general-equilibrium-model-for-2021-2026\/\">Economic impact of the NextGenerationEU funds in Andalusia through a dynamic applied general equilibrium model for 2021-2026<\/a>\n\n  \n\n<\/div>\n<\/div>\n<hr class=\"element element_1670882918442  hr \">\n<\/hr>\n    <\/div>\n  <\/div><div class=\"item item-4175 skin flat odd 1 \">\n        <div class=\"layer-wrapper layout-102\">\n      <div class=\" element_1670265978613\"\n  id=\"\">\n  <div class=\"element element_1670276045419  excerpt \">\n  2021  <\/div>\n<div class=\"element element_1670266093034  title \">\n    <a target=\"_self\"\n    href=\"https:\/\/www.macardenete.com\/es\/publicacion\/los-retos-de-la-economia-espanola-en-economia-espanola-tercera-edicion\/\">Los Retos de la Econom\u00eda Espa\u00f1ola, en Econom\u00eda Espa\u00f1ola, Tercera Edici\u00f3n<\/a>\n\n  \n\n<\/div>\n<\/div>\n<hr class=\"element element_1670882918442  hr \">\n<\/hr>\n    <\/div>\n  <\/div><div class=\"item item-622 skin flat even 2 \">\n        <div class=\"layer-wrapper layout-102\">\n      <div class=\" element_1670265978613\"\n  id=\"\">\n  <div class=\"element element_1670276045419  excerpt \">\n  2021  <\/div>\n<div class=\"element element_1670266093034  title \">\n    <a target=\"_self\"\n    href=\"https:\/\/www.macardenete.com\/es\/publicacion\/competencias-municipales-y-autonomia-local\/\">Competencias Municipales y Autonom\u00eda Local<\/a>\n\n  \n\n<\/div>\n<\/div>\n<hr class=\"element element_1670882918442  hr \">\n<\/hr>\n    <\/div>\n  <\/div><div class=\"item item-621 skin flat odd 3 \">\n        <div class=\"layer-wrapper layout-102\">\n      <div class=\" element_1670265978613\"\n  id=\"\">\n  <div class=\"element element_1670276045419  excerpt \">\n  2017  <\/div>\n<div class=\"element element_1670266093034  title \">\n    <a target=\"_self\"\n    href=\"https:\/\/www.macardenete.com\/es\/publicacion\/applied-general-equilibrium-an-introduction-2\/\">Applied General Equilibrium. An Introduction<\/a>\n\n  \n\n<\/div>\n<\/div>\n<hr class=\"element element_1670882918442  hr \">\n<\/hr>\n    <\/div>\n  <\/div><div class=\"item item-620 skin flat even 4 \">\n        <div class=\"layer-wrapper layout-102\">\n      <div class=\" element_1670265978613\"\n  id=\"\">\n  <div class=\"element element_1670276045419  excerpt \">\n  2017  <\/div>\n<div class=\"element element_1670266093034  title \">\n    <a target=\"_self\"\n    href=\"https:\/\/www.macardenete.com\/es\/publicacion\/how-strong-might-be-a-carbon-tax-on-electricity-consumption-to-reach-spanish-h2020-targets\/\">How strong might be a carbon tax on electricity consumption to reach Spanish H2020 targets?<\/a>\n\n  \n\n<\/div>\n<\/div>\n<hr class=\"element element_1670882918442  hr \">\n<\/hr>\n    <\/div>\n  <\/div><div class=\"item item-619 skin flat odd 5 \">\n        <div class=\"layer-wrapper layout-102\">\n      <div class=\" element_1670265978613\"\n  id=\"\">\n  <div class=\"element element_1670276045419  excerpt \">\n  2013  <\/div>\n<div class=\"element element_1670266093034  title \">\n    <a target=\"_self\"\n    href=\"https:\/\/www.macardenete.com\/es\/publicacion\/una-revision-de-las-matrices-de-contabilidad-social-y-los-modelos-de-equilibrio-general-aplicado-en-espana\/\">Una revisi\u00f3n de las Matrices de Contabilidad Social y los Modelos de Equilibrio General Aplicado en Espa\u00f1a<\/a>\n\n  \n\n<\/div>\n<\/div>\n<hr class=\"element element_1670882918442  hr \">\n<\/hr>\n    <\/div>\n  <\/div><div class=\"item item-618 skin flat even 6 \">\n        <div class=\"layer-wrapper layout-102\">\n      <div class=\" element_1670265978613\"\n  id=\"\">\n  <div class=\"element element_1670276045419  excerpt \">\n  2013  <\/div>\n<div class=\"element element_1670266093034  title \">\n    <a target=\"_self\"\n    href=\"https:\/\/www.macardenete.com\/es\/publicacion\/analisis-de-la-estructura-economica-andaluza-a-partir-de-matrices-de-contabilidad-social-1995-2005\/\">An\u00e1lisis de la Estructura Econ\u00f3mica Andaluza a partir de Matrices de Contabilidad Social 1995-2005<\/a>\n\n  \n\n<\/div>\n<\/div>\n<hr class=\"element element_1670882918442  hr \">\n<\/hr>\n    <\/div>\n  <\/div><div class=\"item item-617 skin flat odd 7 \">\n        <div class=\"layer-wrapper layout-102\">\n      <div class=\" element_1670265978613\"\n  id=\"\">\n  <div class=\"element element_1670276045419  excerpt \">\n  2012  <\/div>\n<div class=\"element element_1670266093034  title \">\n    <a target=\"_self\"\n    href=\"https:\/\/www.macardenete.com\/es\/publicacion\/applied-general-equilibrium-an-introduction\/\">Applied General Equilibrium. An Introduction<\/a>\n\n  \n\n<\/div>\n<\/div>\n<hr class=\"element element_1670882918442  hr \">\n<\/hr>\n    <\/div>\n  <\/div><div class=\"item item-616 skin flat even 8 \">\n        <div class=\"layer-wrapper layout-102\">\n      <div class=\" element_1670265978613\"\n  id=\"\">\n  <div class=\"element element_1670276045419  excerpt \">\n  2011  <\/div>\n<div class=\"element element_1670266093034  title \">\n    <a target=\"_self\"\n    href=\"https:\/\/www.macardenete.com\/es\/publicacion\/proceedings-de-iv-jornadas-sociedad-hispanoamericana-de-input-output\/\">Proceedings de IV Jornadas Sociedad Hispanoamericana de Input-Output<\/a>\n\n  \n\n<\/div>\n<\/div>\n<hr class=\"element element_1670882918442  hr \">\n<\/hr>\n    <\/div>\n  <\/div><div class=\"item item-615 skin flat odd 9 \">\n        <div class=\"layer-wrapper layout-102\">\n      <div class=\" element_1670265978613\"\n  id=\"\">\n  <div class=\"element element_1670276045419  excerpt \">\n  2011  <\/div>\n<div class=\"element element_1670266093034  title \">\n    <a target=\"_self\"\n    href=\"https:\/\/www.macardenete.com\/es\/publicacion\/energy-demand-and-co2-emissions-in-spain-a-sam-multipliers-decomposition-analysis\/\">Energy Demand and CO2 Emissions in Spain: A SAM multipliers decomposition analysis<\/a>\n\n  \n\n<\/div>\n<\/div>\n<hr class=\"element element_1670882918442  hr \">\n<\/hr>\n    <\/div>\n  <\/div><div class=\"item item-614 skin flat even 10 \">\n        <div class=\"layer-wrapper layout-102\">\n      <div class=\" element_1670265978613\"\n  id=\"\">\n  <div class=\"element element_1670276045419  excerpt \">\n  2011  <\/div>\n<div class=\"element element_1670266093034  title \">\n    <a target=\"_self\"\n    href=\"https:\/\/www.macardenete.com\/es\/publicacion\/analisis-de-sectores-claves-y-estrategicos-de-la-economia-sevillana-y-del-empleo-a-partir-de-un-modelo-multisectorial-para-el-2010\/\">An\u00e1lisis de sectores claves y estrat\u00e9gicos de la econom\u00eda sevillana y del empleo a partir de un modelo multisectorial para...<\/a>\n\n  \n\n<\/div>\n<\/div>\n<hr class=\"element element_1670882918442  hr \">\n<\/hr>\n    <\/div>\n  <\/div><div class=\"item item-613 skin flat odd 11 \">\n        <div class=\"layer-wrapper layout-102\">\n      <div class=\" element_1670265978613\"\n  id=\"\">\n  <div class=\"element element_1670276045419  excerpt \">\n  2010  <\/div>\n<div class=\"element element_1670266093034  title \">\n    <a target=\"_self\"\n    href=\"https:\/\/www.macardenete.com\/es\/publicacion\/analisis-de-la-reforma-fiscal-propuesto-por-el-gobierno-en-los-p-g-e-para-2010-a-traves-de-un-modelo-de-equilibrio-general-aplicado-para-espana-una-primera-aproximacion\/\">An\u00e1lisis de la Reforma Fiscal propuesto por el Gobierno en los P.G.E. para 2010 a trav\u00e9s de un Modelo de...<\/a>\n\n  \n\n<\/div>\n<\/div>\n<hr class=\"element element_1670882918442  hr \">\n<\/hr>\n    <\/div>\n  <\/div><div class=\"item item-612 skin flat even 12 \">\n        <div class=\"layer-wrapper layout-102\">\n      <div class=\" element_1670265978613\"\n  id=\"\">\n  <div class=\"element element_1670276045419  excerpt \">\n  2010  <\/div>\n<div class=\"element element_1670266093034  title \">\n    <a target=\"_self\"\n    href=\"https:\/\/www.macardenete.com\/es\/publicacion\/designing-public-policies-an-approach-based-on-multi-criteria-analysis-and-computable-general-equilibrium-modelling\/\">Designing Public Policies. An Approach based on Multi-criteria Analysis and Computable General Equilibrium Modelling<\/a>\n\n  \n\n<\/div>\n<\/div>\n<hr class=\"element element_1670882918442  hr \">\n<\/hr>\n    <\/div>\n  <\/div><div class=\"item item-611 skin flat odd 13 \">\n        <div class=\"layer-wrapper layout-102\">\n      <div class=\" element_1670265978613\"\n  id=\"\">\n  <div class=\"element element_1670276045419  excerpt \">\n  2010  <\/div>\n<div class=\"element element_1670266093034  title \">\n    <a target=\"_self\"\n    href=\"https:\/\/www.macardenete.com\/es\/publicacion\/analisis-de-la-central-nuclear-de-almaraz-a-traves-de-modelizacion-multisectorial\/\">An\u00e1lisis de la Central Nuclear de Almaraz a trav\u00e9s de Modelizaci\u00f3n Multisectorial<\/a>\n\n  \n\n<\/div>\n<\/div>\n<hr class=\"element element_1670882918442  hr \">\n<\/hr>\n    <\/div>\n  <\/div><div class=\"item item-610 skin flat even 14 \">\n        <div class=\"layer-wrapper layout-102\">\n      <div class=\" element_1670265978613\"\n  id=\"\">\n  <div class=\"element element_1670276045419  excerpt \">\n  2009  <\/div>\n<div class=\"element element_1670266093034  title \">\n    <a target=\"_self\"\n    href=\"https:\/\/www.macardenete.com\/es\/publicacion\/un-analisis-del-sector-energetico-espanol-a-traves-de-modelos-de-crecimiento-sostenible\/\">Un An\u00e1lisis del Sector Energ\u00e9tico Espa\u00f1ol a trav\u00e9s de Modelos de Crecimiento Sostenible<\/a>\n\n  \n\n<\/div>\n<\/div>\n<hr class=\"element element_1670882918442  hr \">\n<\/hr>\n    <\/div>\n  <\/div><div class=\"item item-609 skin flat odd 15 \">\n        <div class=\"layer-wrapper layout-102\">\n      <div class=\" element_1670265978613\"\n  id=\"\">\n  <div class=\"element element_1670276045419  excerpt \">\n  2008  <\/div>\n<div class=\"element element_1670266093034  title \">\n    <a target=\"_self\"\n    href=\"https:\/\/www.macardenete.com\/es\/publicacion\/factores-que-influyen-en-la-creacion-y-consolidacion-de-empresas\/\">Factores que influyen en la creaci\u00f3n y consolidaci\u00f3n de empresas<\/a>\n\n  \n\n<\/div>\n<\/div>\n<hr class=\"element element_1670882918442  hr \">\n<\/hr>\n    <\/div>\n  <\/div><div class=\"item item-608 skin flat even 16 \">\n        <div class=\"layer-wrapper layout-102\">\n      <div class=\" element_1670265978613\"\n  id=\"\">\n  <div class=\"element element_1670276045419  excerpt \">\n  2006  <\/div>\n<div class=\"element element_1670266093034  title \">\n    <a target=\"_self\"\n    href=\"https:\/\/www.macardenete.com\/es\/publicacion\/ejercicios-de-economia\/\">Ejercicios de Econom\u00eda<\/a>\n\n  \n\n<\/div>\n<\/div>\n<hr class=\"element element_1670882918442  hr \">\n<\/hr>\n    <\/div>\n  <\/div><div class=\"item item-607 skin flat odd 17 \">\n        <div class=\"layer-wrapper layout-102\">\n      <div class=\" element_1670265978613\"\n  id=\"\">\n  <div class=\"element element_1670276045419  excerpt \">\n  2006  <\/div>\n<div class=\"element element_1670266093034  title \">\n    <a target=\"_self\"\n    href=\"https:\/\/www.macardenete.com\/es\/publicacion\/an-applied-general-equilibrium-model-to-assess-the-impact-of-national-tax-changes-on-a-regional-economy-2\/\">An applied general equilibrium model to assess the impact of national tax changes on a regional economy<\/a>\n\n  \n\n<\/div>\n<\/div>\n<hr class=\"element element_1670882918442  hr \">\n<\/hr>\n    <\/div>\n  <\/div><div class=\"item item-605 skin flat even 18 \">\n        <div class=\"layer-wrapper layout-102\">\n      <div class=\" element_1670265978613\"\n  id=\"\">\n  <div class=\"element element_1670276045419  excerpt \">\n  2003  <\/div>\n<div class=\"element element_1670266093034  title \">\n    <a target=\"_self\"\n    href=\"https:\/\/www.macardenete.com\/es\/publicacion\/analisis-de-las-politicas-publicas-a-traves-de-los-modelos-de-equilibrio-general-aplicado-una-revision-evaluacion-de-politicas-publicas-casos-y-reflexiones-para-el-caso-espanol\/\">An\u00e1lisis de las pol\u00edticas p\u00fablicas a trav\u00e9s de los modelos de equilibrio general aplicado: una revisi\u00f3n, Evaluaci\u00f3n de pol\u00edticas p\u00fablicas,...<\/a>\n\n  \n\n<\/div>\n<\/div>\n<hr class=\"element element_1670882918442  hr \">\n<\/hr>\n    <\/div>\n  <\/div><div class=\"item item-604 skin flat odd 19 \">\n        <div class=\"layer-wrapper layout-102\">\n      <div class=\" element_1670265978613\"\n  id=\"\">\n  <div class=\"element element_1670276045419  excerpt \">\n  2000  <\/div>\n<div class=\"element element_1670266093034  title \">\n    <a target=\"_self\"\n    href=\"https:\/\/www.macardenete.com\/es\/publicacion\/modelos-de-equilibrio-general-aplicados-a-la-economia-andaluza\/\">Modelos de Equilibrio General Aplicados a la Econom\u00eda Andaluza<\/a>\n\n  \n\n<\/div>\n<\/div>\n<hr class=\"element element_1670882918442  hr \">\n<\/hr>\n    <\/div>\n  <\/div><div class=\"item item-603 skin flat even 20 \">\n        <div class=\"layer-wrapper layout-102\">\n      <div class=\" element_1670265978613\"\n  id=\"\">\n  <div class=\"element element_1670276045419  excerpt \">\n  1999  <\/div>\n<div class=\"element element_1670266093034  title \">\n    <a target=\"_self\"\n    href=\"https:\/\/www.macardenete.com\/es\/publicacion\/entorno-economico-aplicado\/\">Entorno econ\u00f3mico aplicado<\/a>\n\n  \n\n<\/div>\n<\/div>\n<hr class=\"element element_1670882918442  hr \">\n<\/hr>\n    <\/div>\n  <\/div><div class=\"item item-1223 skin flat odd 21 \">\n        <div class=\"layer-wrapper layout-102\">\n      <div class=\" element_1670265978613\"\n  id=\"\">\n  <div class=\"element element_1670276045419  excerpt \">\n  1999  <\/div>\n<div class=\"element element_1670266093034  title \">\n    <a target=\"_self\"\n    href=\"https:\/\/www.macardenete.com\/es\/publicacion\/las-prestaciones-sociales-en-el-umbral-del-siglo-xxi\/\">Las prestaciones sociales en el umbral del siglo XXI<\/a>\n\n  \n\n<\/div>\n<\/div>\n<hr class=\"element element_1670882918442  hr \">\n<\/hr>\n    <\/div>\n  <\/div><div class=\"item item-601 skin flat even 22 \">\n        <div class=\"layer-wrapper layout-102\">\n      <div class=\" element_1670265978613\"\n  id=\"\">\n  <div class=\"element element_1670276045419  excerpt \">\n  1998  <\/div>\n<div class=\"element element_1670266093034  title \">\n    <a target=\"_self\"\n    href=\"https:\/\/www.macardenete.com\/es\/publicacion\/ejercicio-del-analisis-del-entorno-economico-de-los-negocios-una-introduccion-a-la-macroeconomia\/\">Ejercicio del an\u00e1lisis del entorno econ\u00f3mico de los negocios. Una introducci\u00f3n a la macroeconom\u00eda<\/a>\n\n  \n\n<\/div>\n<\/div>\n<hr class=\"element element_1670882918442  hr \">\n<\/hr>\n    <\/div>\n  <\/div>    <\/div>\n    <div class=\"pagination\">\n      <div class=\"paginate\">\n      <\/div>\n  <style type=\"text\/css\">\n    #post-grid-189 .pagination .page-numbers {\n      font-size: 16px;\n      color: #fff;\n      background: #646464;\n    }\n\n    #post-grid-189 .pagination .page-numbers:hover,\n    #post-grid-189 .pagination .page-numbers.current {\n      background: #4b4b4b;\n    }\n  <\/style>\n  <\/div>\n  <style type=\"text\/css\">\n  .layout-102 .element_1670265978613 {\n      }\n\n    <\/style>\n  <style type=\"text\/css\">\n.layout-102 .element_1670276045419 {\n  font-size: 15px;\n  margin: 10px 0;\n  text-align: left;\n  }\n\n.layout-102 .element_1670276045419 a {\n  font-size: 15px;\n  }\n<\/style>\n<style type=\"text\/css\">\n.layout-102 .element_1670266093034 {\n  font-size: 20px;\n  margin: 10px 0;\n  text-align: left;\n  }\n\n.layout-102 .element_1670266093034 a {\n  font-size: 20px;\n  margin: 10px 0;\n  text-align: left;\n  }\n<\/style>\n<style type=\"text\/css\">\n.layout-102 .element_1670882918442 {\n  margin: 25px 0px;\n  }\n\n<\/style>\n\n\n  \n\n    <script>\n          <\/script>\n    <style type=\"text\/css\">\n    #post-grid-189 {\n      padding: 10px;\n          }\n\n    #post-grid-189 .item {\n      padding: 0px;\n      background: #fff;\n          }\n\n    #post-grid-189 .item .layer-media {\n      height:auto;    }\n\n    @media only screen and (min-width: 0px) and (max-width: 767px) {\n      #post-grid-189 .grid-items {\n        display: grid;\n        grid-template-columns: 1fr ;\n        column-gap: 10px;\n        row-gap: 10px;\n              }\n\n      #post-grid-189 .item {\n        height:auto;      }\n    }\n\n    @media only screen and (min-width: 768px) and (max-width: 1023px) {\n      #post-grid-189 .grid-items {\n        display: grid;\n        grid-template-columns: 1fr ;\n        column-gap: 10px;\n        row-gap: 10px;\n              }\n\n      #post-grid-189 .item {\n        max-height:auto;      }\n    }\n\n    @media only screen and (min-width: 1024px) {\n      #post-grid-189 .grid-items {\n        display: grid;\n        grid-template-columns: 1fr ;\n        column-gap: 10px;\n        row-gap: 10px;\n              }\n\n      #post-grid-189 .item {\n        height:auto;      }\n    }\n\n      <\/style>\n  <\/div>\n\n","protected":false},"excerpt":{"rendered":"<a class=\"btn btn-primary read-more-button\" href=\"https:\/\/www.macardenete.com\/es\/publicacion\/ejercicio-del-analisis-del-entorno-economico-de-los-negocios-una-introduccion-a-la-macroeconomia\/\">Leer m\u00e1s...<\/a>","protected":false},"author":1,"featured_media":0,"parent":9,"menu_order":0,"comment_status":"closed","ping_status":"closed","template":"pages-templates\/left-sidebar.php","meta":{"_acf_changed":false,"pgc_meta":"","inline_featured_image":false,"footnotes":""},"class_list":["post-166","page","type-page","status-publish","hentry"],"acf":[],"pgc_meta":"","jetpack_sharing_enabled":true,"_links":{"self":[{"href":"https:\/\/www.macardenete.com\/es\/wp-json\/wp\/v2\/pages\/166","targetHints":{"allow":["GET"]}}],"collection":[{"href":"https:\/\/www.macardenete.com\/es\/wp-json\/wp\/v2\/pages"}],"about":[{"href":"https:\/\/www.macardenete.com\/es\/wp-json\/wp\/v2\/types\/page"}],"author":[{"embeddable":true,"href":"https:\/\/www.macardenete.com\/es\/wp-json\/wp\/v2\/users\/1"}],"replies":[{"embeddable":true,"href":"https:\/\/www.macardenete.com\/es\/wp-json\/wp\/v2\/comments?post=166"}],"version-history":[{"count":2,"href":"https:\/\/www.macardenete.com\/es\/wp-json\/wp\/v2\/pages\/166\/revisions"}],"predecessor-version":[{"id":190,"href":"https:\/\/www.macardenete.com\/es\/wp-json\/wp\/v2\/pages\/166\/revisions\/190"}],"up":[{"embeddable":true,"href":"https:\/\/www.macardenete.com\/es\/wp-json\/wp\/v2\/pages\/9"}],"wp:attachment":[{"href":"https:\/\/www.macardenete.com\/es\/wp-json\/wp\/v2\/media?parent=166"}],"curies":[{"name":"wp","href":"https:\/\/api.w.org\/{rel}","templated":true}]}}