{"id":162,"date":"2022-12-12T10:34:25","date_gmt":"2022-12-12T09:34:25","guid":{"rendered":"http:\/\/www.macardenete.com\/desarrollo\/?page_id=162"},"modified":"2022-12-12T23:06:32","modified_gmt":"2022-12-12T22:06:32","slug":"articulos","status":"publish","type":"page","link":"https:\/\/www.macardenete.com\/es\/publicaciones\/articulos\/","title":{"rendered":"Art\u00edculos"},"content":{"rendered":"      <div id=\"post-grid-lazy-182\" class=\"post-grid-lazy\"><img decoding=\"async\" alt=\"\" src=\"\" \/><\/div>\n    <script>\n      jQuery('#post-grid-lazy-182').ready(function($) {\n        $('#post-grid-lazy-182').fadeOut();\n        $('#post-grid-182   ').fadeIn();\n      })\n    <\/script>\n    <style type=\"text\/css\">\n      #post-grid-182 {\n        display: none;\n      }\n\n      .post-grid-lazy {\n        text-align: center;\n      }\n    <\/style>\n    <div data-options='{&quot;id&quot;:&quot;182&quot;,&quot;lazy_load&quot;:&quot;yes&quot;,&quot;masonry_enable&quot;:&quot;no&quot;,&quot;view_type&quot;:&quot;grid&quot;}' id=\"post-grid-182\" class=\"post-grid grid\">\n      <div class=\"post-grid-search ajax\">\n    <form grid_id=\"182\" action=\"https:\/\/www.macardenete.com\/es\/publicaciones\/articulos\/\" method=\"get\">\n        <div class=\"field-wrap field-wrap-keyword\">\n\n    <span class=\"search-icon\"><\/span>\n    <input grid_id=\"182\" title=\"Press enter to reset\" class=\"search\" type=\"text\" name=\"keyword\" placeholder=\"Introduce una palabra de b\u00fasqueda\" value=\"\">\n\n  <\/div>\n\n\n  <div class=\"field-wrap field-wrap-submit\">\n\n    <input type=\"hidden\" id=\"_wpnonce\" name=\"_wpnonce\" value=\"69f43b93a5\" \/>\n    <input type=\"submit\" value=\"Buscar.\">\n    <span class=\"search-loading\"><\/span>\n\n  <\/div>\n\n\n  \n    <\/form>\n\n  <\/div>\n\n    <div class=\"grid-items\">\n      <div class=\"item item-4240 skin flat even 0 \">\n        <div class=\"layer-wrapper layout-102\">\n      <div class=\" element_1670265978613\"\n  id=\"\">\n  <div class=\"element element_1670276045419  excerpt \">\n  2025  <\/div>\n<div class=\"element element_1670266093034  title \">\n    <a target=\"_self\"\n    href=\"https:\/\/www.macardenete.com\/es\/publicacion\/designing-an-ecotax-on-carbon-emissions-to-meet-eu-targets-a-proposal-for-the-spanish-economy\/\">Designing an ecotax on carbon emissions to meet EU targets: a proposal for the Spanish economy<\/a>\n\n  \n\n<\/div>\n<\/div>\n<hr class=\"element element_1670882918442  hr \">\n<\/hr>\n    <\/div>\n  <\/div><div class=\"item item-4165 skin flat odd 1 \">\n        <div class=\"layer-wrapper layout-102\">\n      <div class=\" element_1670265978613\"\n  id=\"\">\n  <div class=\"element element_1670276045419  excerpt \">\n  2025  <\/div>\n<div class=\"element element_1670266093034  title \">\n    <a target=\"_self\"\n    href=\"https:\/\/www.macardenete.com\/es\/publicacion\/the-reality-of-emissions-of-reduction-policy-and-its-impacts-of-spanish-incomes\/\">The Reality of Emissions of Reduction Policy And Its Impacts of Spanish Incomes<\/a>\n\n  \n\n<\/div>\n<\/div>\n<hr class=\"element element_1670882918442  hr \">\n<\/hr>\n    <\/div>\n  <\/div><div class=\"item item-4062 skin flat even 2 \">\n        <div class=\"layer-wrapper layout-102\">\n      <div class=\" element_1670265978613\"\n  id=\"\">\n  <div class=\"element element_1670276045419  excerpt \">\n  2024  <\/div>\n<div class=\"element element_1670266093034  title \">\n    <a target=\"_self\"\n    href=\"https:\/\/www.macardenete.com\/es\/publicacion\/economic-impact-of-the-drought-in-spain-measurement-for-the-adoption-of-measures\/\">Economic Impact of the Drought in Spain: Measurement for the Adoption of Measures<\/a>\n\n  \n\n<\/div>\n<\/div>\n<hr class=\"element element_1670882918442  hr \">\n<\/hr>\n    <\/div>\n  <\/div><div class=\"item item-4054 skin flat odd 3 \">\n        <div class=\"layer-wrapper layout-102\">\n      <div class=\" element_1670265978613\"\n  id=\"\">\n  <div class=\"element element_1670276045419  excerpt \">\n  2024  <\/div>\n<div class=\"element element_1670266093034  title \">\n    <a target=\"_self\"\n    href=\"https:\/\/www.macardenete.com\/es\/publicacion\/a-methodology-to-study-price-quantity-interactions-in-input-output-modeling-an-application-to-nextgenerationeu-funds\/\">A Methodology to Study Price-Quantity Interactions in Input-Output Modeling: an Application To NextGenerationEU Funds<\/a>\n\n  \n\n<\/div>\n<\/div>\n<hr class=\"element element_1670882918442  hr \">\n<\/hr>\n    <\/div>\n  <\/div><div class=\"item item-4047 skin flat even 4 \">\n        <div class=\"layer-wrapper layout-102\">\n      <div class=\" element_1670265978613\"\n  id=\"\">\n  <div class=\"element element_1670276045419  excerpt \">\n  2024  <\/div>\n<div class=\"element element_1670266093034  title \">\n    <a target=\"_self\"\n    href=\"https:\/\/www.macardenete.com\/es\/publicacion\/propuesta-de-matriz-de-contabilidad-social-para-mexico-2022-un-analisis-estructural-postpandemia-de-los-sectores-estrategicos-clave-impulsores-e-independientes\/\">Propuesta de Matriz de Contabilidad Social para M\u00e9xico 2022: un An\u00e1lisis Estructural Postpandemia de los Sectores Estrat\u00e9gicos, Clave, Impulsores e...<\/a>\n\n  \n\n<\/div>\n<\/div>\n<hr class=\"element element_1670882918442  hr \">\n<\/hr>\n    <\/div>\n  <\/div><div class=\"item item-3773 skin flat odd 5 \">\n        <div class=\"layer-wrapper layout-102\">\n      <div class=\" element_1670265978613\"\n  id=\"\">\n  <div class=\"element element_1670276045419  excerpt \">\n  2023  <\/div>\n<div class=\"element element_1670266093034  title \">\n    <a target=\"_self\"\n    href=\"https:\/\/www.macardenete.com\/es\/publicacion\/the-drought-in-andalusia-analysis-of-the-economic-impact-and-evaluation-of-the-sos-plan\/\">The Drought in Andalusia: Analysis of the Economic Impact and Evaluation of the SOS Plan<\/a>\n\n  \n\n<\/div>\n<\/div>\n<hr class=\"element element_1670882918442  hr \">\n<\/hr>\n    <\/div>\n  <\/div><div class=\"item item-3654 skin flat even 6 \">\n        <div class=\"layer-wrapper layout-102\">\n      <div class=\" element_1670265978613\"\n  id=\"\">\n  <div class=\"element element_1670276045419  excerpt \">\n  2022  <\/div>\n<div class=\"element element_1670266093034  title \">\n    <a target=\"_self\"\n    href=\"https:\/\/www.macardenete.com\/es\/publicacion\/how-does-fiscal-austerity-impact-on-poverty-and-inequality-the-spanish-case-2\/\">How does fiscal austerity impact on poverty and inequality? The Spanish case<\/a>\n\n  \n\n<\/div>\n<\/div>\n<hr class=\"element element_1670882918442  hr \">\n<\/hr>\n    <\/div>\n  <\/div><div class=\"item item-3569 skin flat odd 7 \">\n        <div class=\"layer-wrapper layout-102\">\n      <div class=\" element_1670265978613\"\n  id=\"\">\n  <div class=\"element element_1670276045419  excerpt \">\n  2022  <\/div>\n<div class=\"element element_1670266093034  title \">\n    <a target=\"_self\"\n    href=\"https:\/\/www.macardenete.com\/es\/publicacion\/the-economic-impact-of-a-tourist-tax-in-andalusia-examined-through-a-price-effect-model\/\">The Economic Impact of a Tourist Tax in Andalusia Examined through a Price Effect Model<\/a>\n\n  \n\n<\/div>\n<\/div>\n<hr class=\"element element_1670882918442  hr \">\n<\/hr>\n    <\/div>\n  <\/div><div class=\"item item-600 skin flat even 8 \">\n        <div class=\"layer-wrapper layout-102\">\n      <div class=\" element_1670265978613\"\n  id=\"\">\n  <div class=\"element element_1670276045419  excerpt \">\n  2021  <\/div>\n<div class=\"element element_1670266093034  title \">\n    <a target=\"_self\"\n    href=\"https:\/\/www.macardenete.com\/es\/publicacion\/food-losses-and-waste-a-needed-assessment-for-future-policies\/\">Food losses and waste: a needed assessment for future policies<\/a>\n\n  \n\n<\/div>\n<\/div>\n<hr class=\"element element_1670882918442  hr \">\n<\/hr>\n    <\/div>\n  <\/div><div class=\"item item-599 skin flat odd 9 \">\n        <div class=\"layer-wrapper layout-102\">\n      <div class=\" element_1670265978613\"\n  id=\"\">\n  <div class=\"element element_1670276045419  excerpt \">\n  2022  <\/div>\n<div class=\"element element_1670266093034  title \">\n    <a target=\"_self\"\n    href=\"https:\/\/www.macardenete.com\/es\/publicacion\/a-cge-approach-for-the-analysis-of-small-scale-forestry-based-activities-a-case-study-of-non-wooded-products-from-pinus-pinea-l-in-southern-spain\/\">A CGE approach for the analysis of small-scale forestry-based activities: A case study of non-wooded products from Pinus pinea L....<\/a>\n\n  \n\n<\/div>\n<\/div>\n<hr class=\"element element_1670882918442  hr \">\n<\/hr>\n    <\/div>\n  <\/div><div class=\"item item-598 skin flat even 10 \">\n        <div class=\"layer-wrapper layout-102\">\n      <div class=\" element_1670265978613\"\n  id=\"\">\n  <div class=\"element element_1670276045419  excerpt \">\n  2021  <\/div>\n<div class=\"element element_1670266093034  title \">\n    <a target=\"_self\"\n    href=\"https:\/\/www.macardenete.com\/es\/publicacion\/impact-assessment-of-covid-19-on-the-tourism-sector-in-andalusia-an-economic-approach\/\">Impact Assessment of COVID-19 on the Tourism Sector in Andalusia: an Economic Approach<\/a>\n\n  \n\n<\/div>\n<\/div>\n<hr class=\"element element_1670882918442  hr \">\n<\/hr>\n    <\/div>\n  <\/div><div class=\"item item-597 skin flat odd 11 \">\n        <div class=\"layer-wrapper layout-102\">\n      <div class=\" element_1670265978613\"\n  id=\"\">\n  <div class=\"element element_1670276045419  excerpt \">\n  2021  <\/div>\n<div class=\"element element_1670266093034  title \">\n    <a target=\"_self\"\n    href=\"https:\/\/www.macardenete.com\/es\/publicacion\/economic-and-environmental-impact-of-the-new-mediterranean-rail-corridor-in-andalusia-a-dynamic-cge-approach\/\">Economic and Environmental Impact of the New Mediterranean Rail Corridor in Andalusia: A Dynamic CGE Approach<\/a>\n\n  \n\n<\/div>\n<\/div>\n<hr class=\"element element_1670882918442  hr \">\n<\/hr>\n    <\/div>\n  <\/div><div class=\"item item-596 skin flat even 12 \">\n        <div class=\"layer-wrapper layout-102\">\n      <div class=\" element_1670265978613\"\n  id=\"\">\n  <div class=\"element element_1670276045419  excerpt \">\n  2021  <\/div>\n<div class=\"element element_1670266093034  title \">\n    <a target=\"_self\"\n    href=\"https:\/\/www.macardenete.com\/es\/publicacion\/a-multiregional-generalized-ras-update-technique\/\">A MultiRegional Generalized RAS Update Technique<\/a>\n\n  \n\n<\/div>\n<\/div>\n<hr class=\"element element_1670882918442  hr \">\n<\/hr>\n    <\/div>\n  <\/div><div class=\"item item-595 skin flat odd 13 \">\n        <div class=\"layer-wrapper layout-102\">\n      <div class=\" element_1670265978613\"\n  id=\"\">\n  <div class=\"element element_1670276045419  excerpt \">\n  2020  <\/div>\n<div class=\"element element_1670266093034  title \">\n    <a target=\"_self\"\n    href=\"https:\/\/www.macardenete.com\/es\/publicacion\/valoracion-del-impacto-de-la-industria-automotriz-en-la-economia-mexicana-una-aproximacion-mediante-matrices-de-contabilidad-social\/\">Valoraci\u00f3n del Impacto de la Industria Automotriz en la Econom\u00eda Mexicana: Una Aproximaci\u00f3n Mediante Matrices de Contabilidad Social<\/a>\n\n  \n\n<\/div>\n<\/div>\n<hr class=\"element element_1670882918442  hr \">\n<\/hr>\n    <\/div>\n  <\/div><div class=\"item item-594 skin flat even 14 \">\n        <div class=\"layer-wrapper layout-102\">\n      <div class=\" element_1670265978613\"\n  id=\"\">\n  <div class=\"element element_1670276045419  excerpt \">\n  2020  <\/div>\n<div class=\"element element_1670266093034  title \">\n    <a target=\"_self\"\n    href=\"https:\/\/www.macardenete.com\/es\/publicacion\/start-up-or-scale-up-an-approach-through-economic-impact\/\">Start-up or Scale-up? An Approach through Economic Impact<\/a>\n\n  \n\n<\/div>\n<\/div>\n<hr class=\"element element_1670882918442  hr \">\n<\/hr>\n    <\/div>\n  <\/div><div class=\"item item-593 skin flat odd 15 \">\n        <div class=\"layer-wrapper layout-102\">\n      <div class=\" element_1670265978613\"\n  id=\"\">\n  <div class=\"element element_1670276045419  excerpt \">\n  2019  <\/div>\n<div class=\"element element_1670266093034  title \">\n    <a target=\"_self\"\n    href=\"https:\/\/www.macardenete.com\/es\/publicacion\/a-multiplier-evaluation-of-primary-factors-supply-shocks-in-a-regional-economy\/\">A multiplier evaluation of primary factors supply\u2013shocks in a regional economy<\/a>\n\n  \n\n<\/div>\n<\/div>\n<hr class=\"element element_1670882918442  hr \">\n<\/hr>\n    <\/div>\n  <\/div><div class=\"item item-592 skin flat even 16 \">\n        <div class=\"layer-wrapper layout-102\">\n      <div class=\" element_1670265978613\"\n  id=\"\">\n  <div class=\"element element_1670276045419  excerpt \">\n  2019  <\/div>\n<div class=\"element element_1670266093034  title \">\n    <a target=\"_self\"\n    href=\"https:\/\/www.macardenete.com\/es\/publicacion\/from-start-up-to-scale-up-an-approach-to-andalusian-high-growth-companies-through-social-accounting-matrices\/\">From Start-up to Scale-up: An approach to Andalusian High Growth Companies Through Social Accounting Matrices<\/a>\n\n  \n\n<\/div>\n<\/div>\n<hr class=\"element element_1670882918442  hr \">\n<\/hr>\n    <\/div>\n  <\/div><div class=\"item item-591 skin flat odd 17 \">\n        <div class=\"layer-wrapper layout-102\">\n      <div class=\" element_1670265978613\"\n  id=\"\">\n  <div class=\"element element_1670276045419  excerpt \">\n  2019  <\/div>\n<div class=\"element element_1670266093034  title \">\n    <a target=\"_self\"\n    href=\"https:\/\/www.macardenete.com\/es\/publicacion\/an-assessment-of-the-impact-of-eu-funds-through-productivity-boosts-using-ces-functions\/\">An Assessment of the Impact of EU Funds Through Productivity Boosts using CES Functions<\/a>\n\n  \n\n<\/div>\n<\/div>\n<hr class=\"element element_1670882918442  hr \">\n<\/hr>\n    <\/div>\n  <\/div><div class=\"item item-590 skin flat even 18 \">\n        <div class=\"layer-wrapper layout-102\">\n      <div class=\" element_1670265978613\"\n  id=\"\">\n  <div class=\"element element_1670276045419  excerpt \">\n  2019  <\/div>\n<div class=\"element element_1670266093034  title \">\n    <a target=\"_self\"\n    href=\"https:\/\/www.macardenete.com\/es\/publicacion\/evaluacion-del-impacto-economico-del-programa-oportunidades-mediante-analisis-multisectorial-mexico-2012\/\">Evaluaci\u00f3n del Impacto Econ\u00f3mico del Programa Oportunidades Mediante An\u00e1lisis Multisectorial: M\u00e9xico 2012<\/a>\n\n  \n\n<\/div>\n<\/div>\n<hr class=\"element element_1670882918442  hr \">\n<\/hr>\n    <\/div>\n  <\/div><div class=\"item item-589 skin flat odd 19 \">\n        <div class=\"layer-wrapper layout-102\">\n      <div class=\" element_1670265978613\"\n  id=\"\">\n  <div class=\"element element_1670276045419  excerpt \">\n  2019  <\/div>\n<div class=\"element element_1670266093034  title \">\n    <a target=\"_self\"\n    href=\"https:\/\/www.macardenete.com\/es\/publicacion\/efectos-economicos-de-reformas-impositivas-alternativas-para-el-combate-a-la-pobreza-en-mexico-para-el-ano-2012\/\">Efectos Econ\u00f3micos de reformas impositivas alternativas para el combate a la pobreza en M\u00e9xico para el a\u00f1o 2012<\/a>\n\n  \n\n<\/div>\n<\/div>\n<hr class=\"element element_1670882918442  hr \">\n<\/hr>\n    <\/div>\n  <\/div><div class=\"item item-588 skin flat even 20 \">\n        <div class=\"layer-wrapper layout-102\">\n      <div class=\" element_1670265978613\"\n  id=\"\">\n  <div class=\"element element_1670276045419  excerpt \">\n  2018  <\/div>\n<div class=\"element element_1670266093034  title \">\n    <a target=\"_self\"\n    href=\"https:\/\/www.macardenete.com\/es\/publicacion\/does-abolishing-tariffs-in-bilateral-trade-matter-for-a-countrys-economic-growth-the-impact-of-the-eu-ukraine-dcfta\/\">Does Abolishing Tariffs in Bilateral Trade Matter for a Country\u2019s Economic Growth? The Impact of the EU-Ukraine DCFTA<\/a>\n\n  \n\n<\/div>\n<\/div>\n<hr class=\"element element_1670882918442  hr \">\n<\/hr>\n    <\/div>\n  <\/div><div class=\"item item-587 skin flat odd 21 \">\n        <div class=\"layer-wrapper layout-102\">\n      <div class=\" element_1670265978613\"\n  id=\"\">\n  <div class=\"element element_1670276045419  excerpt \">\n  2018  <\/div>\n<div class=\"element element_1670266093034  title \">\n    <a target=\"_self\"\n    href=\"https:\/\/www.macardenete.com\/es\/publicacion\/intra-regional-vs-extra-regional-trade-liberalization-in-central-america\/\">Intra-Regional vs Extra-Regional Trade Liberalization in Central America<\/a>\n\n  \n\n<\/div>\n<\/div>\n<hr class=\"element element_1670882918442  hr \">\n<\/hr>\n    <\/div>\n  <\/div><div class=\"item item-586 skin flat even 22 \">\n        <div class=\"layer-wrapper layout-102\">\n      <div class=\" element_1670265978613\"\n  id=\"\">\n  <div class=\"element element_1670276045419  excerpt \">\n  2018  <\/div>\n<div class=\"element element_1670266093034  title \">\n    <a target=\"_self\"\n    href=\"https:\/\/www.macardenete.com\/es\/publicacion\/can-unilateral-tariff-abolishment-boost-a-countrys-economic-growth-the-case-of-the-eu-and-ukraine\/\">Can Unilateral Tariff Abolishment Boost a Country\u2019s Economic Growth? The Case of the EU and Ukraine<\/a>\n\n  \n\n<\/div>\n<\/div>\n<hr class=\"element element_1670882918442  hr \">\n<\/hr>\n    <\/div>\n  <\/div><div class=\"item item-585 skin flat odd 23 \">\n        <div class=\"layer-wrapper layout-102\">\n      <div class=\" element_1670265978613\"\n  id=\"\">\n  <div class=\"element element_1670276045419  excerpt \">\n  2018  <\/div>\n<div class=\"element element_1670266093034  title \">\n    <a target=\"_self\"\n    href=\"https:\/\/www.macardenete.com\/es\/publicacion\/el-sector-turistico-andaluz-durante-la-crisis-economica-y-su-impacto-en-el-desarrollo-regional\/\">El Sector Turistico Andaluz durante la Crisis Econ\u00f3mica y su Impacto en el Desarrollo Regional<\/a>\n\n  \n\n<\/div>\n<\/div>\n<hr class=\"element element_1670882918442  hr \">\n<\/hr>\n    <\/div>\n  <\/div><div class=\"item item-584 skin flat even 24 \">\n        <div class=\"layer-wrapper layout-102\">\n      <div class=\" element_1670265978613\"\n  id=\"\">\n  <div class=\"element element_1670276045419  excerpt \">\n  2018  <\/div>\n<div class=\"element element_1670266093034  title \">\n    <a target=\"_self\"\n    href=\"https:\/\/www.macardenete.com\/es\/publicacion\/estructura-economica-mexicana-sectores-estrategicos-e-impulsores-2012\/\">Estructura Econ\u00f3mica Mexicana: Sectores Estrat\u00e9gicos e Impulsores 2012<\/a>\n\n  \n\n<\/div>\n<\/div>\n<hr class=\"element element_1670882918442  hr \">\n<\/hr>\n    <\/div>\n  <\/div><div class=\"item item-583 skin flat odd 25 \">\n        <div class=\"layer-wrapper layout-102\">\n      <div class=\" element_1670265978613\"\n  id=\"\">\n  <div class=\"element element_1670276045419  excerpt \">\n  2018  <\/div>\n<div class=\"element element_1670266093034  title \">\n    <a target=\"_self\"\n    href=\"https:\/\/www.macardenete.com\/es\/publicacion\/how-modes-of-transport-perform-differently-in-the-economy-of-andalusia\/\">How modes of transport perform differently in the economy of Andalusia<\/a>\n\n  \n\n<\/div>\n<\/div>\n<hr class=\"element element_1670882918442  hr \">\n<\/hr>\n    <\/div>\n  <\/div><div class=\"item item-582 skin flat even 26 \">\n        <div class=\"layer-wrapper layout-102\">\n      <div class=\" element_1670265978613\"\n  id=\"\">\n  <div class=\"element element_1670276045419  excerpt \">\n  2017  <\/div>\n<div class=\"element element_1670266093034  title \">\n    <a target=\"_self\"\n    href=\"https:\/\/www.macardenete.com\/es\/publicacion\/agricultural-key-sectors-for-eu-27-an-approach\/\">Agricultural key sectors for EU-27: an Approach<\/a>\n\n  \n\n<\/div>\n<\/div>\n<hr class=\"element element_1670882918442  hr \">\n<\/hr>\n    <\/div>\n  <\/div><div class=\"item item-581 skin flat odd 27 \">\n        <div class=\"layer-wrapper layout-102\">\n      <div class=\" element_1670265978613\"\n  id=\"\">\n  <div class=\"element element_1670276045419  excerpt \">\n  2017  <\/div>\n<div class=\"element element_1670266093034  title \">\n    <a target=\"_self\"\n    href=\"https:\/\/www.macardenete.com\/es\/publicacion\/estimating-regional-sams-with-limited-information-modelling-the-impact-of-rural-development-policies\/\">Estimating Regional SAMs with Limited Information: Modelling the Impact of Rural Development Policies<\/a>\n\n  \n\n<\/div>\n<\/div>\n<hr class=\"element element_1670882918442  hr \">\n<\/hr>\n    <\/div>\n  <\/div><div class=\"item item-580 skin flat even 28 \">\n        <div class=\"layer-wrapper layout-102\">\n      <div class=\" element_1670265978613\"\n  id=\"\">\n  <div class=\"element element_1670276045419  excerpt \">\n  2017  <\/div>\n<div class=\"element element_1670266093034  title \">\n    <a target=\"_self\"\n    href=\"https:\/\/www.macardenete.com\/es\/publicacion\/costes-laborales-y-competitividad-externa-de-la-economia-andaluza-2007-2014\/\">Costes Laborales y Competitividad Externa de la Econom\u00eda Andaluza (2007-2014)<\/a>\n\n  \n\n<\/div>\n<\/div>\n<hr class=\"element element_1670882918442  hr \">\n<\/hr>\n    <\/div>\n  <\/div><div class=\"item item-579 skin flat odd 29 \">\n        <div class=\"layer-wrapper layout-102\">\n      <div class=\" element_1670265978613\"\n  id=\"\">\n  <div class=\"element element_1670276045419  excerpt \">\n  2017  <\/div>\n<div class=\"element element_1670266093034  title \">\n    <a target=\"_self\"\n    href=\"https:\/\/www.macardenete.com\/es\/publicacion\/impact-assessment-of-the-russian-boycott-in-spain\/\">Impact Assessment of the Russian Boycott in Spain<\/a>\n\n  \n\n<\/div>\n<\/div>\n<hr class=\"element element_1670882918442  hr \">\n<\/hr>\n    <\/div>\n  <\/div><div class=\"item item-578 skin flat even 30 \">\n        <div class=\"layer-wrapper layout-102\">\n      <div class=\" element_1670265978613\"\n  id=\"\">\n  <div class=\"element element_1670276045419  excerpt \">\n  2017  <\/div>\n<div class=\"element element_1670266093034  title \">\n    <a target=\"_self\"\n    href=\"https:\/\/www.macardenete.com\/es\/publicacion\/economic-impact-assessment-of-food-waste-reduction-on-european-countries-through-social-accounting-matrices\/\">Economic Impact Assessment of Food Waste Reduction on European Countries through Social Accounting Matrices<\/a>\n\n  \n\n<\/div>\n<\/div>\n<hr class=\"element element_1670882918442  hr \">\n<\/hr>\n    <\/div>\n  <\/div><div class=\"item item-577 skin flat odd 31 \">\n        <div class=\"layer-wrapper layout-102\">\n      <div class=\" element_1670265978613\"\n  id=\"\">\n  <div class=\"element element_1670276045419  excerpt \">\n  2017  <\/div>\n<div class=\"element element_1670266093034  title \">\n    <a target=\"_self\"\n    href=\"https:\/\/www.macardenete.com\/es\/publicacion\/analysis-of-the-foreign-sector-as-an-endogenous-variable-in-sam-linear-models-an-empirical-proposal\/\">Analysis of the Foreign Sector as an Endogenous Variable in SAM Linear Models an Empirical Proposal<\/a>\n\n  \n\n<\/div>\n<\/div>\n<hr class=\"element element_1670882918442  hr \">\n<\/hr>\n    <\/div>\n  <\/div><div class=\"item item-576 skin flat even 32 \">\n        <div class=\"layer-wrapper layout-102\">\n      <div class=\" element_1670265978613\"\n  id=\"\">\n  <div class=\"element element_1670276045419  excerpt \">\n  2017  <\/div>\n<div class=\"element element_1670266093034  title \">\n    <a target=\"_self\"\n    href=\"https:\/\/www.macardenete.com\/es\/publicacion\/socio-economic-impact-of-a-nuclear-power-plant-almaraz-spain\/\">Socio-economic Impact of a Nuclear Power Plant: Almaraz (Spain)<\/a>\n\n  \n\n<\/div>\n<\/div>\n<hr class=\"element element_1670882918442  hr \">\n<\/hr>\n    <\/div>\n  <\/div><div class=\"item item-575 skin flat odd 33 \">\n        <div class=\"layer-wrapper layout-102\">\n      <div class=\" element_1670265978613\"\n  id=\"\">\n  <div class=\"element element_1670276045419  excerpt \">\n  2017  <\/div>\n<div class=\"element element_1670266093034  title \">\n    <a target=\"_self\"\n    href=\"https:\/\/www.macardenete.com\/es\/publicacion\/analise-do-sistema-produtivo-brasileiro-em-2005-e-2011-a-partir-de-matrizes-de-contabilidade-social\/\">An\u00e0lise do Sistema Produtivo Brasileiro em 2005 e 2011 a partir de Matrizes de Contabilidade Social<\/a>\n\n  \n\n<\/div>\n<\/div>\n<hr class=\"element element_1670882918442  hr \">\n<\/hr>\n    <\/div>\n  <\/div><div class=\"item item-574 skin flat even 34 \">\n        <div class=\"layer-wrapper layout-102\">\n      <div class=\" element_1670265978613\"\n  id=\"\">\n  <div class=\"element element_1670276045419  excerpt \">\n  2017  <\/div>\n<div class=\"element element_1670266093034  title \">\n    <a target=\"_self\"\n    href=\"https:\/\/www.macardenete.com\/es\/publicacion\/economic-impact-assessment-of-small-scale-sporting-events-using-social-accounting-matrices-an-application-to-the-spanish-soccer-league\/\">Economic impact assessment of small-scale sporting events using Social Accounting Matrices: an application to the Spanish Soccer League<\/a>\n\n  \n\n<\/div>\n<\/div>\n<hr class=\"element element_1670882918442  hr \">\n<\/hr>\n    <\/div>\n  <\/div><div class=\"item item-573 skin flat odd 35 \">\n        <div class=\"layer-wrapper layout-102\">\n      <div class=\" element_1670265978613\"\n  id=\"\">\n  <div class=\"element element_1670276045419  excerpt \">\n  2017  <\/div>\n<div class=\"element element_1670266093034  title \">\n    <a target=\"_self\"\n    href=\"https:\/\/www.macardenete.com\/es\/publicacion\/impacto-economico-de-una-reduccion-del-irpf-en-andalucia-a-traves-de-un-modelo-de-equilibrio-general-aplicado\/\">Impacto Econ\u00f3mico de una reducci\u00f3n del IRPF en Andaluc\u00eda a trav\u00e9s de un Modelo de Equilibrio General Aplicado<\/a>\n\n  \n\n<\/div>\n<\/div>\n<hr class=\"element element_1670882918442  hr \">\n<\/hr>\n    <\/div>\n  <\/div><div class=\"item item-572 skin flat even 36 \">\n        <div class=\"layer-wrapper layout-102\">\n      <div class=\" element_1670265978613\"\n  id=\"\">\n  <div class=\"element element_1670276045419  excerpt \">\n  2017  <\/div>\n<div class=\"element element_1670266093034  title \">\n    <a target=\"_self\"\n    href=\"https:\/\/www.macardenete.com\/es\/publicacion\/assessing-the-economic-impact-of-a-cultural-heritage-site-using-a-social-accounting-matrices-the-case-of-the-mosque-cathedral-of-cordoba\/\">Assessing the Economic Impact of a Cultural Heritage site using a Social Accounting Matrices: the case of the Mosque-Cathedral of...<\/a>\n\n  \n\n<\/div>\n<\/div>\n<hr class=\"element element_1670882918442  hr \">\n<\/hr>\n    <\/div>\n  <\/div><div class=\"item item-571 skin flat odd 37 \">\n        <div class=\"layer-wrapper layout-102\">\n      <div class=\" element_1670265978613\"\n  id=\"\">\n  <div class=\"element element_1670276045419  excerpt \">\n  2016  <\/div>\n<div class=\"element element_1670266093034  title \">\n    <a target=\"_self\"\n    href=\"https:\/\/www.macardenete.com\/es\/publicacion\/taxing-electricity-consumption-in-spain-evidence-to-design-the-post-kyoto-world\/\">Taxing Electricity Consumption in Spain: Evidence to Design the Post-Kyoto World<\/a>\n\n  \n\n<\/div>\n<\/div>\n<hr class=\"element element_1670882918442  hr \">\n<\/hr>\n    <\/div>\n  <\/div><div class=\"item item-570 skin flat even 38 \">\n        <div class=\"layer-wrapper layout-102\">\n      <div class=\" element_1670265978613\"\n  id=\"\">\n  <div class=\"element element_1670276045419  excerpt \">\n  2016  <\/div>\n<div class=\"element element_1670266093034  title \">\n    <a target=\"_self\"\n    href=\"https:\/\/www.macardenete.com\/es\/publicacion\/validating-policy-induced-economic-change-using-sequential-general-equilibrium-sams\/\">Validating Policy-Induced Economic Change Using Sequential General Equilibrium SAMs<\/a>\n\n  \n\n<\/div>\n<\/div>\n<hr class=\"element element_1670882918442  hr \">\n<\/hr>\n    <\/div>\n  <\/div><div class=\"item item-569 skin flat odd 39 \">\n        <div class=\"layer-wrapper layout-102\">\n      <div class=\" element_1670265978613\"\n  id=\"\">\n  <div class=\"element element_1670276045419  excerpt \">\n  2016  <\/div>\n<div class=\"element element_1670266093034  title \">\n    <a target=\"_self\"\n    href=\"https:\/\/www.macardenete.com\/es\/publicacion\/analisis-estructural-de-la-economia-mexicana-para-el-ano-2008\/\">An\u00e1lisis estructural de la Econom\u00eda Mexicana para el A\u00f1o 2008<\/a>\n\n  \n\n<\/div>\n<\/div>\n<hr class=\"element element_1670882918442  hr \">\n<\/hr>\n    <\/div>\n  <\/div><div class=\"item item-568 skin flat even 40 \">\n        <div class=\"layer-wrapper layout-102\">\n      <div class=\" element_1670265978613\"\n  id=\"\">\n  <div class=\"element element_1670276045419  excerpt \">\n  2015  <\/div>\n<div class=\"element element_1670266093034  title \">\n    <a target=\"_self\"\n    href=\"https:\/\/www.macardenete.com\/es\/publicacion\/espana-2015-en-el-contexto-de-la-salida-de-la-recesion\/\">Espa\u00f1a-2015, en el Contexto de la Salida de la Recesi\u00f3n<\/a>\n\n  \n\n<\/div>\n<\/div>\n<hr class=\"element element_1670882918442  hr \">\n<\/hr>\n    <\/div>\n  <\/div><div class=\"item item-567 skin flat odd 41 \">\n        <div class=\"layer-wrapper layout-102\">\n      <div class=\" element_1670265978613\"\n  id=\"\">\n  <div class=\"element element_1670276045419  excerpt \">\n  2015  <\/div>\n<div class=\"element element_1670266093034  title \">\n    <a target=\"_self\"\n    href=\"https:\/\/www.macardenete.com\/es\/publicacion\/strategic-sectors-and-employment-during-the-crisis-the-case-of-andalusia\/\">Strategic Sectors and Employment during the Crisis: the Case of Andalusia<\/a>\n\n  \n\n<\/div>\n<\/div>\n<hr class=\"element element_1670882918442  hr \">\n<\/hr>\n    <\/div>\n  <\/div><div class=\"item item-566 skin flat even 42 \">\n        <div class=\"layer-wrapper layout-102\">\n      <div class=\" element_1670265978613\"\n  id=\"\">\n  <div class=\"element element_1670276045419  excerpt \">\n  2015  <\/div>\n<div class=\"element element_1670266093034  title \">\n    <a target=\"_self\"\n    href=\"https:\/\/www.macardenete.com\/es\/publicacion\/analisis-multisectorial-del-sector-exterior-en-la-economia-espanola\/\">An\u00e1lisis Multisectorial del Sector Exterior en la Econom\u00eda Espa\u00f1ola<\/a>\n\n  \n\n<\/div>\n<\/div>\n<hr class=\"element element_1670882918442  hr \">\n<\/hr>\n    <\/div>\n  <\/div><div class=\"item item-565 skin flat odd 43 \">\n        <div class=\"layer-wrapper layout-102\">\n      <div class=\" element_1670265978613\"\n  id=\"\">\n  <div class=\"element element_1670276045419  excerpt \">\n  2015  <\/div>\n<div class=\"element element_1670266093034  title \">\n    <a target=\"_self\"\n    href=\"https:\/\/www.macardenete.com\/es\/publicacion\/estructura-economica-de-andalucia-a-partir-de-analisis-fes-y-matrices-de-contabilidad-social\/\">Estructura Econ\u00f3mica de Andaluc\u00eda a partir de An\u00e1lisis FES y Matrices de Contabilidad Social<\/a>\n\n  \n\n<\/div>\n<\/div>\n<hr class=\"element element_1670882918442  hr \">\n<\/hr>\n    <\/div>\n  <\/div><div class=\"item item-564 skin flat even 44 \">\n        <div class=\"layer-wrapper layout-102\">\n      <div class=\" element_1670265978613\"\n  id=\"\">\n  <div class=\"element element_1670276045419  excerpt \">\n  2015  <\/div>\n<div class=\"element element_1670266093034  title \">\n    <a target=\"_self\"\n    href=\"https:\/\/www.macardenete.com\/es\/publicacion\/euro-med-trade-intregation-in-agriculture-and-trade-social-accounting-matrices-analyses\/\">Euro-Med Trade Intregation in Agriculture and Trade. Social Accounting Matrices Analyses<\/a>\n\n  \n\n<\/div>\n<\/div>\n<hr class=\"element element_1670882918442  hr \">\n<\/hr>\n    <\/div>\n  <\/div><div class=\"item item-563 skin flat odd 45 \">\n        <div class=\"layer-wrapper layout-102\">\n      <div class=\" element_1670265978613\"\n  id=\"\">\n  <div class=\"element element_1670276045419  excerpt \">\n  2015  <\/div>\n<div class=\"element element_1670266093034  title \">\n    <a target=\"_self\"\n    href=\"https:\/\/www.macardenete.com\/es\/publicacion\/analisis-del-impacto-de-los-fondos-europeos-2007-2013-en-andalucia-a-partir-de-un-modelo-de-equilibrio-general-aplicado\/\">An\u00e1lisis del Impacto de los Fondos Europeos 2007-2013 en Andaluc\u00eda a partir de un Modelo de Equilibrio General Aplicado<\/a>\n\n  \n\n<\/div>\n<\/div>\n<hr class=\"element element_1670882918442  hr \">\n<\/hr>\n    <\/div>\n  <\/div><div class=\"item item-562 skin flat even 46 \">\n        <div class=\"layer-wrapper layout-102\">\n      <div class=\" element_1670265978613\"\n  id=\"\">\n  <div class=\"element element_1670276045419  excerpt \">\n  2015  <\/div>\n<div class=\"element element_1670266093034  title \">\n    <a target=\"_self\"\n    href=\"https:\/\/www.macardenete.com\/es\/publicacion\/analisis-y-explotacion-mediante-modelos-economicos-multisectoriales-de-la-matriz-de-contabilidad-social-de-andalucia-para-2008\/\">An\u00e1lisis y Explotaci\u00f3n Mediante Modelos Econ\u00f3micos Multisectoriales de la Matriz de Contabilidad Social de Andaluc\u00eda para 2008<\/a>\n\n  \n\n<\/div>\n<\/div>\n<hr class=\"element element_1670882918442  hr \">\n<\/hr>\n    <\/div>\n  <\/div><div class=\"item item-561 skin flat odd 47 \">\n        <div class=\"layer-wrapper layout-102\">\n      <div class=\" element_1670265978613\"\n  id=\"\">\n  <div class=\"element element_1670276045419  excerpt \">\n  2015  <\/div>\n<div class=\"element element_1670266093034  title \">\n    <a target=\"_self\"\n    href=\"https:\/\/www.macardenete.com\/es\/publicacion\/analisis-estructural-a-traves-de-matrices-contabilidad-social-una-aplicacion-a-la-economia-andaluza-para-el-periodo-2005-2010\/\">An\u00e1lisis Estructural a trav\u00e9s de Matrices Contabilidad Social: una Aplicaci\u00f3n a la Econom\u00eda Andaluza para el Periodo 2005-2010<\/a>\n\n  \n\n<\/div>\n<\/div>\n<hr class=\"element element_1670882918442  hr \">\n<\/hr>\n    <\/div>\n  <\/div><div class=\"item item-560 skin flat even 48 \">\n        <div class=\"layer-wrapper layout-102\">\n      <div class=\" element_1670265978613\"\n  id=\"\">\n  <div class=\"element element_1670276045419  excerpt \">\n  2015  <\/div>\n<div class=\"element element_1670266093034  title \">\n    <a target=\"_self\"\n    href=\"https:\/\/www.macardenete.com\/es\/publicacion\/future-of-european-funds-in-a-regional-economy-andalusia-2014-2020\/\">Future of European Funds in a Regional Economy: Andalusia 2014-2020<\/a>\n\n  \n\n<\/div>\n<\/div>\n<hr class=\"element element_1670882918442  hr \">\n<\/hr>\n    <\/div>\n  <\/div><div class=\"item item-559 skin flat odd 49 \">\n        <div class=\"layer-wrapper layout-102\">\n      <div class=\" element_1670265978613\"\n  id=\"\">\n  <div class=\"element element_1670276045419  excerpt \">\n  2015  <\/div>\n<div class=\"element element_1670266093034  title \">\n    <a target=\"_self\"\n    href=\"https:\/\/www.macardenete.com\/es\/publicacion\/analisis-de-sectores-claves-a-traves-de-matrices-de-contabilidad-social-el-caso-de-andalucia\/\">An\u00e1lisis de Sectores Claves a trav\u00e9s de Matrices de Contabilidad Social: el Caso de Andaluc\u00eda<\/a>\n\n  \n\n<\/div>\n<\/div>\n<hr class=\"element element_1670882918442  hr \">\n<\/hr>\n    <\/div>\n  <\/div><div class=\"item item-558 skin flat even 50 \">\n        <div class=\"layer-wrapper layout-102\">\n      <div class=\" element_1670265978613\"\n  id=\"\">\n  <div class=\"element element_1670276045419  excerpt \">\n  2015  <\/div>\n<div class=\"element element_1670266093034  title \">\n    <a target=\"_self\"\n    href=\"https:\/\/www.macardenete.com\/es\/publicacion\/a-simulation-of-impact-of-withdrawal-european-funds-on-andalusian-economy-using-a-dynamic-cge-model-2014-2020\/\">A Simulation of Impact of withdrawal European Funds on Andalusian Economy using a Dynamic CGE Model: 2014-2020<\/a>\n\n  \n\n<\/div>\n<\/div>\n<hr class=\"element element_1670882918442  hr \">\n<\/hr>\n    <\/div>\n  <\/div><div class=\"item item-557 skin flat odd 51 \">\n        <div class=\"layer-wrapper layout-102\">\n      <div class=\" element_1670265978613\"\n  id=\"\">\n  <div class=\"element element_1670276045419  excerpt \">\n  2015  <\/div>\n<div class=\"element element_1670266093034  title \">\n    <a target=\"_self\"\n    href=\"https:\/\/www.macardenete.com\/es\/publicacion\/analisis-del-sector-aeronautico-en-andalucia-y-sevilla\/\">An\u00e1lisis del Sector Aeron\u00e1utico en Andaluc\u00eda y Sevilla<\/a>\n\n  \n\n<\/div>\n<\/div>\n<hr class=\"element element_1670882918442  hr \">\n<\/hr>\n    <\/div>\n  <\/div><div class=\"item item-556 skin flat even 52 \">\n        <div class=\"layer-wrapper layout-102\">\n      <div class=\" element_1670265978613\"\n  id=\"\">\n  <div class=\"element element_1670276045419  excerpt \">\n  2014  <\/div>\n<div class=\"element element_1670266093034  title \">\n    <a target=\"_self\"\n    href=\"https:\/\/www.macardenete.com\/es\/publicacion\/recension-capital-in-the-twenty-first-century-th-pikkety\/\">Recensi\u00f3n: Capital in the Twenty-First Century, Th.. Pikkety<\/a>\n\n  \n\n<\/div>\n<\/div>\n<hr class=\"element element_1670882918442  hr \">\n<\/hr>\n    <\/div>\n  <\/div><div class=\"item item-555 skin flat odd 53 \">\n        <div class=\"layer-wrapper layout-102\">\n      <div class=\" element_1670265978613\"\n  id=\"\">\n  <div class=\"element element_1670276045419  excerpt \">\n  2014  <\/div>\n<div class=\"element element_1670266093034  title \">\n    <a target=\"_self\"\n    href=\"https:\/\/www.macardenete.com\/es\/publicacion\/instrumentos-multisectoriales-para-la-deteccion-de-sectores-claves-en-el-analisis-regional\/\">Instrumentos Multisectoriales para la Detecci\u00f3n de Sectores Claves en el An\u00e1lisis Regional<\/a>\n\n  \n\n<\/div>\n<\/div>\n<hr class=\"element element_1670882918442  hr \">\n<\/hr>\n    <\/div>\n  <\/div><div class=\"item item-554 skin flat even 54 \">\n        <div class=\"layer-wrapper layout-102\">\n      <div class=\" element_1670265978613\"\n  id=\"\">\n  <div class=\"element element_1670276045419  excerpt \">\n  2014  <\/div>\n<div class=\"element element_1670266093034  title \">\n    <a target=\"_self\"\n    href=\"https:\/\/www.macardenete.com\/es\/publicacion\/ex-ante-analysis-of-the-regional-impacts-of-the-common-agricultural-policy-a-rural-urban-recursive-dynamic-cge-model-approach\/\">Ex-ante Analysis of the Regional Impacts of the Common Agricultural Policy: a Rural-Urban Recursive Dynamic CGE Model Approach<\/a>\n\n  \n\n<\/div>\n<\/div>\n<hr class=\"element element_1670882918442  hr \">\n<\/hr>\n    <\/div>\n  <\/div><div class=\"item item-553 skin flat odd 55 \">\n        <div class=\"layer-wrapper layout-102\">\n      <div class=\" element_1670265978613\"\n  id=\"\">\n  <div class=\"element element_1670276045419  excerpt \">\n  2014  <\/div>\n<div class=\"element element_1670266093034  title \">\n    <a target=\"_self\"\n    href=\"https:\/\/www.macardenete.com\/es\/publicacion\/como-influye-el-sector-exterior-en-la-economia-andaluza\/\">\u00bfC\u00f3mo influye el sector exterior en la econom\u00eda andaluza?<\/a>\n\n  \n\n<\/div>\n<\/div>\n<hr class=\"element element_1670882918442  hr \">\n<\/hr>\n    <\/div>\n  <\/div><div class=\"item item-552 skin flat even 56 \">\n        <div class=\"layer-wrapper layout-102\">\n      <div class=\" element_1670265978613\"\n  id=\"\">\n  <div class=\"element element_1670276045419  excerpt \">\n  2014  <\/div>\n<div class=\"element element_1670266093034  title \">\n    <a target=\"_self\"\n    href=\"https:\/\/www.macardenete.com\/es\/publicacion\/the-economic-influence-of-photovoltaic-technology-on-electricity-generation-a-cge-approach-for-andalusian-case\/\">The Economic Influence of Photovoltaic Technology on Electricity Generation: a CGE Approach for Andalusian Case<\/a>\n\n  \n\n<\/div>\n<\/div>\n<hr class=\"element element_1670882918442  hr \">\n<\/hr>\n    <\/div>\n  <\/div><div class=\"item item-551 skin flat odd 57 \">\n        <div class=\"layer-wrapper layout-102\">\n      <div class=\" element_1670265978613\"\n  id=\"\">\n  <div class=\"element element_1670276045419  excerpt \">\n  2014  <\/div>\n<div class=\"element element_1670266093034  title \">\n    <a target=\"_self\"\n    href=\"https:\/\/www.macardenete.com\/es\/publicacion\/agri-food-and-bio-based-analysis-in-the-spanish-economy-using-key-sector-approach\/\">Agri-food and Bio-based Analysis in the Spanish Economy using Key Sector Approach<\/a>\n\n  \n\n<\/div>\n<\/div>\n<hr class=\"element element_1670882918442  hr \">\n<\/hr>\n    <\/div>\n  <\/div><div class=\"item item-550 skin flat even 58 \">\n        <div class=\"layer-wrapper layout-102\">\n      <div class=\" element_1670265978613\"\n  id=\"\">\n  <div class=\"element element_1670276045419  excerpt \">\n  2014  <\/div>\n<div class=\"element element_1670266093034  title \">\n    <a target=\"_self\"\n    href=\"https:\/\/www.macardenete.com\/es\/publicacion\/matrices-de-contabilidad-social-y-modelos-de-equilibrio-general-aplicado-elaborados-en-espana-a-nivel-regional\/\">Matrices de Contabilidad Social y Modelos de Equilibrio General Aplicado elaborados en Espa\u00f1a a nivel regional<\/a>\n\n  \n\n<\/div>\n<\/div>\n<hr class=\"element element_1670882918442  hr \">\n<\/hr>\n    <\/div>\n  <\/div><div class=\"item item-549 skin flat odd 59 \">\n        <div class=\"layer-wrapper layout-102\">\n      <div class=\" element_1670265978613\"\n  id=\"\">\n  <div class=\"element element_1670276045419  excerpt \">\n  2014  <\/div>\n<div class=\"element element_1670266093034  title \">\n    <a target=\"_self\"\n    href=\"https:\/\/www.macardenete.com\/es\/publicacion\/the-structural-funds-in-andalusia-for-the-programming-period-2014-20-time-for-tightening-belts\/\">The Structural Funds in Andalusia for the Programming Period 2014-20. Time for Tightening Belts<\/a>\n\n  \n\n<\/div>\n<\/div>\n<hr class=\"element element_1670882918442  hr \">\n<\/hr>\n    <\/div>\n  <\/div><div class=\"item item-548 skin flat even 60 \">\n        <div class=\"layer-wrapper layout-102\">\n      <div class=\" element_1670265978613\"\n  id=\"\">\n  <div class=\"element element_1670276045419  excerpt \">\n  2013  <\/div>\n<div class=\"element element_1670266093034  title \">\n    <a target=\"_self\"\n    href=\"https:\/\/www.macardenete.com\/es\/publicacion\/are-there-key-sectors-an-appraisal-using-applied-general-equilibrium-model\/\">Are there key sectors? An appraisal using Applied General Equilibrium Model<\/a>\n\n  \n\n<\/div>\n<\/div>\n<hr class=\"element element_1670882918442  hr \">\n<\/hr>\n    <\/div>\n  <\/div><div class=\"item item-547 skin flat odd 61 \">\n        <div class=\"layer-wrapper layout-102\">\n      <div class=\" element_1670265978613\"\n  id=\"\">\n  <div class=\"element element_1670276045419  excerpt \">\n  2013  <\/div>\n<div class=\"element element_1670266093034  title \">\n    <a target=\"_self\"\n    href=\"https:\/\/www.macardenete.com\/es\/publicacion\/elucidating-general-equilibrium-multiplier-effects-a-differential-perspective\/\">Elucidating General Equilibrium Multiplier Effects: A Differential Perspective<\/a>\n\n  \n\n<\/div>\n<\/div>\n<hr class=\"element element_1670882918442  hr \">\n<\/hr>\n    <\/div>\n  <\/div><div class=\"item item-546 skin flat even 62 \">\n        <div class=\"layer-wrapper layout-102\">\n      <div class=\" element_1670265978613\"\n  id=\"\">\n  <div class=\"element element_1670276045419  excerpt \">\n  2013  <\/div>\n<div class=\"element element_1670266093034  title \">\n    <a target=\"_self\"\n    href=\"https:\/\/www.macardenete.com\/es\/publicacion\/economic-impacts-of-biofuels-deployment-in-andalusia\/\">Economic Impacts of Biofuels Deployment in Andalusia<\/a>\n\n  \n\n<\/div>\n<\/div>\n<hr class=\"element element_1670882918442  hr \">\n<\/hr>\n    <\/div>\n  <\/div><div class=\"item item-545 skin flat odd 63 \">\n        <div class=\"layer-wrapper layout-102\">\n      <div class=\" element_1670265978613\"\n  id=\"\">\n  <div class=\"element element_1670276045419  excerpt \">\n  2013  <\/div>\n<div class=\"element element_1670266093034  title \">\n    <a target=\"_self\"\n    href=\"https:\/\/www.macardenete.com\/es\/publicacion\/analysis-of-the-impact-of-the-european-funds-in-andalusia-in-2007-2013-through-a-general-equilibrium-model\/\">Analysis of the Impact of the European Funds in Andalusia in 2007-2013 through a General Equilibrium Model<\/a>\n\n  \n\n<\/div>\n<\/div>\n<hr class=\"element element_1670882918442  hr \">\n<\/hr>\n    <\/div>\n  <\/div><div class=\"item item-544 skin flat even 64 \">\n        <div class=\"layer-wrapper layout-102\">\n      <div class=\" element_1670265978613\"\n  id=\"\">\n  <div class=\"element element_1670276045419  excerpt \">\n  2013  <\/div>\n<div class=\"element element_1670266093034  title \">\n    <a target=\"_self\"\n    href=\"https:\/\/www.macardenete.com\/es\/publicacion\/analisis-de-sectores-clave-de-la-economia-espanola-a-partir-de-la-matriz-de-contabilidad-social-de-espana-2007\/\">An\u00e1lisis de Sectores Clave de la Econom\u00eda Espa\u00f1ola a partir de la Matriz de Contabilidad Social de Espa\u00f1a 2007<\/a>\n\n  \n\n<\/div>\n<\/div>\n<hr class=\"element element_1670882918442  hr \">\n<\/hr>\n    <\/div>\n  <\/div><div class=\"item item-543 skin flat odd 65 \">\n        <div class=\"layer-wrapper layout-102\">\n      <div class=\" element_1670265978613\"\n  id=\"\">\n  <div class=\"element element_1670276045419  excerpt \">\n  2013  <\/div>\n<div class=\"element element_1670266093034  title \">\n    <a target=\"_self\"\n    href=\"https:\/\/www.macardenete.com\/es\/publicacion\/analisis-del-impacto-de-los-fondos-europeos-en-andalucia-2000-2006\/\">An\u00e1lisis del Impacto de los Fondos Europeos en Andaluc\u00eda: 2000-2006<\/a>\n\n  \n\n<\/div>\n<\/div>\n<hr class=\"element element_1670882918442  hr \">\n<\/hr>\n    <\/div>\n  <\/div><div class=\"item item-542 skin flat even 66 \">\n        <div class=\"layer-wrapper layout-102\">\n      <div class=\" element_1670265978613\"\n  id=\"\">\n  <div class=\"element element_1670276045419  excerpt \">\n  2013  <\/div>\n<div class=\"element element_1670266093034  title \">\n    <a target=\"_self\"\n    href=\"https:\/\/www.macardenete.com\/es\/publicacion\/analisis-de-la-economia-andaluza-con-la-matriz-de-contabilidad-social-de-andalucia-del-ano-2005\/\">An\u00e1lisis de la Econom\u00eda Andaluza con la Matriz de Contabilidad Social de Andaluc\u00eda del a\u00f1o 2005<\/a>\n\n  \n\n<\/div>\n<\/div>\n<hr class=\"element element_1670882918442  hr \">\n<\/hr>\n    <\/div>\n  <\/div><div class=\"item item-541 skin flat odd 67 \">\n        <div class=\"layer-wrapper layout-102\">\n      <div class=\" element_1670265978613\"\n  id=\"\">\n  <div class=\"element element_1670276045419  excerpt \">\n  2012  <\/div>\n<div class=\"element element_1670266093034  title \">\n    <a target=\"_self\"\n    href=\"https:\/\/www.macardenete.com\/es\/publicacion\/linear-general-equilibrium-model-of-energy-demand-and-co2-emissions-generated-by-the-andalusian-productive-system\/\">Linear General Equilibrium Model of Energy Demand and CO2 Emissions Generated by the Andalusian Productive System<\/a>\n\n  \n\n<\/div>\n<\/div>\n<hr class=\"element element_1670882918442  hr \">\n<\/hr>\n    <\/div>\n  <\/div><div class=\"item item-540 skin flat even 68 \">\n        <div class=\"layer-wrapper layout-102\">\n      <div class=\" element_1670265978613\"\n  id=\"\">\n  <div class=\"element element_1670276045419  excerpt \">\n  2012  <\/div>\n<div class=\"element element_1670266093034  title \">\n    <a target=\"_self\"\n    href=\"https:\/\/www.macardenete.com\/es\/publicacion\/the-role-of-supply-constraints-in-multiplier-analysis\/\">The Role of Supply Constraints in Multiplier Analysis<\/a>\n\n  \n\n<\/div>\n<\/div>\n<hr class=\"element element_1670882918442  hr \">\n<\/hr>\n    <\/div>\n  <\/div><div class=\"item item-539 skin flat odd 69 \">\n        <div class=\"layer-wrapper layout-102\">\n      <div class=\" element_1670265978613\"\n  id=\"\">\n  <div class=\"element element_1670276045419  excerpt \">\n  2012  <\/div>\n<div class=\"element element_1670266093034  title \">\n    <a target=\"_self\"\n    href=\"https:\/\/www.macardenete.com\/es\/publicacion\/analisis-multisectorial-de-las-intensidades-energeticas-en-espana\/\">An\u00e1lisis multisectorial de las intensidades energ\u00e9ticas en Espa\u00f1a<\/a>\n\n  \n\n<\/div>\n<\/div>\n<hr class=\"element element_1670882918442  hr \">\n<\/hr>\n    <\/div>\n  <\/div><div class=\"item item-538 skin flat even 70 \">\n        <div class=\"layer-wrapper layout-102\">\n      <div class=\" element_1670265978613\"\n  id=\"\">\n  <div class=\"element element_1670276045419  excerpt \">\n  2012  <\/div>\n<div class=\"element element_1670266093034  title \">\n    <a target=\"_self\"\n    href=\"https:\/\/www.macardenete.com\/es\/publicacion\/engogenization-of-the-rest-of-the-world-account-in-sam-linear-models-an-approach-based-on-miyazawa\/\">Engogenization of the Rest of the World account in SAM linear models. An approach based on Miyazawa<\/a>\n\n  \n\n<\/div>\n<\/div>\n<hr class=\"element element_1670882918442  hr \">\n<\/hr>\n    <\/div>\n  <\/div><div class=\"item item-537 skin flat odd 71 \">\n        <div class=\"layer-wrapper layout-102\">\n      <div class=\" element_1670265978613\"\n  id=\"\">\n  <div class=\"element element_1670276045419  excerpt \">\n  2012  <\/div>\n<div class=\"element element_1670266093034  title \">\n    <a target=\"_self\"\n    href=\"https:\/\/www.macardenete.com\/es\/publicacion\/analisis-del-efecto-de-la-crisis-en-la-contratacion-laboral-por-grupos-de-ocupacion-en-andalucia\/\">An\u00e1lisis del Efecto de la Crisis en la Contrataci\u00f3n Laboral por Grupos de Ocupaci\u00f3n en Andaluc\u00eda<\/a>\n\n  \n\n<\/div>\n<\/div>\n<hr class=\"element element_1670882918442  hr \">\n<\/hr>\n    <\/div>\n  <\/div><div class=\"item item-536 skin flat even 72 \">\n        <div class=\"layer-wrapper layout-102\">\n      <div class=\" element_1670265978613\"\n  id=\"\">\n  <div class=\"element element_1670276045419  excerpt \">\n  2012  <\/div>\n<div class=\"element element_1670266093034  title \">\n    <a target=\"_self\"\n    href=\"https:\/\/www.macardenete.com\/es\/publicacion\/using-a-cge-model-to-identify-the-policy-trade-off-between-unemployment-and-inflation-the-efficient-phillips-curve\/\">Using a CGE Model to Identify the Policy Trade-off between Unemployment and Inflation. The Efficient Phillips Curve<\/a>\n\n  \n\n<\/div>\n<\/div>\n<hr class=\"element element_1670882918442  hr \">\n<\/hr>\n    <\/div>\n  <\/div><div class=\"item item-535 skin flat odd 73 \">\n        <div class=\"layer-wrapper layout-102\">\n      <div class=\" element_1670265978613\"\n  id=\"\">\n  <div class=\"element element_1670276045419  excerpt \">\n  2012  <\/div>\n<div class=\"element element_1670266093034  title \">\n    <a target=\"_self\"\n    href=\"https:\/\/www.macardenete.com\/es\/publicacion\/impact-assessment-of-the-european-structural-funds-in-andalusia-2000-to-2006\/\">Impact Assessment of the European Structural Funds in Andalusia: 2000 to 2006<\/a>\n\n  \n\n<\/div>\n<\/div>\n<hr class=\"element element_1670882918442  hr \">\n<\/hr>\n    <\/div>\n  <\/div><div class=\"item item-534 skin flat even 74 \">\n        <div class=\"layer-wrapper layout-102\">\n      <div class=\" element_1670265978613\"\n  id=\"\">\n  <div class=\"element element_1670276045419  excerpt \">\n  2012  <\/div>\n<div class=\"element element_1670266093034  title \">\n    <a target=\"_self\"\n    href=\"https:\/\/www.macardenete.com\/es\/publicacion\/analysis-of-greenhouse-gas-emissions-in-the-spanish-economy\/\">Analysis of Greenhouse Gas Emissions in the Spanish Economy<\/a>\n\n  \n\n<\/div>\n<\/div>\n<hr class=\"element element_1670882918442  hr \">\n<\/hr>\n    <\/div>\n  <\/div><div class=\"item item-533 skin flat odd 75 \">\n        <div class=\"layer-wrapper layout-102\">\n      <div class=\" element_1670265978613\"\n  id=\"\">\n  <div class=\"element element_1670276045419  excerpt \">\n  2012  <\/div>\n<div class=\"element element_1670266093034  title \">\n    <a target=\"_self\"\n    href=\"https:\/\/www.macardenete.com\/es\/publicacion\/estructura-y-evolucion-de-los-sectores-estrategicos-y-del-empleo-en-la-economia-andaluza-a-partir-del-marco-input-output-1995-2000-2005\/\">Estructura y Evoluci\u00f3n de los Sectores Estrat\u00e9gicos y del Empleo en la Econom\u00eda Andaluza a partir del Marco Input-Output 1995-2000-2005<\/a>\n\n  \n\n<\/div>\n<\/div>\n<hr class=\"element element_1670882918442  hr \">\n<\/hr>\n    <\/div>\n  <\/div><div class=\"item item-532 skin flat even 76 \">\n        <div class=\"layer-wrapper layout-102\">\n      <div class=\" element_1670265978613\"\n  id=\"\">\n  <div class=\"element element_1670276045419  excerpt \">\n  2011  <\/div>\n<div class=\"element element_1670266093034  title \">\n    <a target=\"_self\"\n    href=\"https:\/\/www.macardenete.com\/es\/publicacion\/water-price-and-water-sectoral-reallocation-in-andalusia-a-computable-general-equilibrium-approach\/\">Water Price and Water Sectoral Reallocation in Andalusia. A Computable General Equilibrium Approach<\/a>\n\n  \n\n<\/div>\n<\/div>\n<hr class=\"element element_1670882918442  hr \">\n<\/hr>\n    <\/div>\n  <\/div><div class=\"item item-531 skin flat odd 77 \">\n        <div class=\"layer-wrapper layout-102\">\n      <div class=\" element_1670265978613\"\n  id=\"\">\n  <div class=\"element element_1670276045419  excerpt \">\n  2011  <\/div>\n<div class=\"element element_1670266093034  title \">\n    <a target=\"_self\"\n    href=\"https:\/\/www.macardenete.com\/es\/publicacion\/analisis-comparativo-de-sectores-clave-desde-una-perspectiva-regional-a-traves-de-matrices-de-contabilidad-social-enfoques-alternativos\/\">An\u00e1lisis Comparativo de Sectores Clave desde una Perspectiva Regional a trav\u00e9s de Matrices de Contabilidad Social: Enfoques Alternativos<\/a>\n\n  \n\n<\/div>\n<\/div>\n<hr class=\"element element_1670882918442  hr \">\n<\/hr>\n    <\/div>\n  <\/div><div class=\"item item-530 skin flat even 78 \">\n        <div class=\"layer-wrapper layout-102\">\n      <div class=\" element_1670265978613\"\n  id=\"\">\n  <div class=\"element element_1670276045419  excerpt \">\n  2011  <\/div>\n<div class=\"element element_1670266093034  title \">\n    <a target=\"_self\"\n    href=\"https:\/\/www.macardenete.com\/es\/publicacion\/metodologia-de-la-matriz-causal-planteamiento-y-aplicacion-a-un-caso\/\">Metodolog\u00eda de la matriz causal: planteamiento y aplicaci\u00f3n a un caso<\/a>\n\n  \n\n<\/div>\n<\/div>\n<hr class=\"element element_1670882918442  hr \">\n<\/hr>\n    <\/div>\n  <\/div><div class=\"item item-529 skin flat odd 79 \">\n        <div class=\"layer-wrapper layout-102\">\n      <div class=\" element_1670265978613\"\n  id=\"\">\n  <div class=\"element element_1670276045419  excerpt \">\n  2011  <\/div>\n<div class=\"element element_1670266093034  title \">\n    <a target=\"_self\"\n    href=\"https:\/\/www.macardenete.com\/es\/publicacion\/energy-intensities-and-co2-emissions-in-a-sam-model-of-the-andalusian-economy\/\">Energy Intensities and CO2 Emissions in a SAM Model of the Andalusian Economy<\/a>\n\n  \n\n<\/div>\n<\/div>\n<hr class=\"element element_1670882918442  hr \">\n<\/hr>\n    <\/div>\n  <\/div><div class=\"item item-528 skin flat even 80 \">\n        <div class=\"layer-wrapper layout-102\">\n      <div class=\" element_1670265978613\"\n  id=\"\">\n  <div class=\"element element_1670276045419  excerpt \">\n  2011  <\/div>\n<div class=\"element element_1670266093034  title \">\n    <a target=\"_self\"\n    href=\"https:\/\/www.macardenete.com\/es\/publicacion\/economic-impacts-of-solar-thermal-electricity-technology-deployment-on-andalusian-productive-activities-a-cge-approach\/\">Economic impacts of solar thermal electricity technology deployment on Andalusian productive activities: a CGE approach<\/a>\n\n  \n\n<\/div>\n<\/div>\n<hr class=\"element element_1670882918442  hr \">\n<\/hr>\n    <\/div>\n  <\/div><div class=\"item item-527 skin flat odd 81 \">\n        <div class=\"layer-wrapper layout-102\">\n      <div class=\" element_1670265978613\"\n  id=\"\">\n  <div class=\"element element_1670276045419  excerpt \">\n  2011  <\/div>\n<div class=\"element element_1670266093034  title \">\n    <a target=\"_self\"\n    href=\"https:\/\/www.macardenete.com\/es\/publicacion\/analisis-de-la-estructura-de-la-economia-georgiana\/\">An\u00e1lisis de la Estructura de la Econom\u00eda Georgiana<\/a>\n\n  \n\n<\/div>\n<\/div>\n<hr class=\"element element_1670882918442  hr \">\n<\/hr>\n    <\/div>\n  <\/div><div class=\"item item-526 skin flat even 82 \">\n        <div class=\"layer-wrapper layout-102\">\n      <div class=\" element_1670265978613\"\n  id=\"\">\n  <div class=\"element element_1670276045419  excerpt \">\n  2010  <\/div>\n<div class=\"element element_1670266093034  title \">\n    <a target=\"_self\"\n    href=\"https:\/\/www.macardenete.com\/es\/publicacion\/recension-regional-policy-economic-growth-and-convergence-lessons-from-the-spanish-case\/\">Recensi\u00f3n Regional Policy, Economic Growth and Convergence. Lessons from the Spanish Case<\/a>\n\n  \n\n<\/div>\n<\/div>\n<hr class=\"element element_1670882918442  hr \">\n<\/hr>\n    <\/div>\n  <\/div><div class=\"item item-525 skin flat odd 83 \">\n        <div class=\"layer-wrapper layout-102\">\n      <div class=\" element_1670265978613\"\n  id=\"\">\n  <div class=\"element element_1670276045419  excerpt \">\n  2010  <\/div>\n<div class=\"element element_1670266093034  title \">\n    <a target=\"_self\"\n    href=\"https:\/\/www.macardenete.com\/es\/publicacion\/impacto-de-un-incremento-de-la-capacidad-de-generacion-de-energia-a-partir-biomasa-en-plantas-de-cogeneracion\/\">Impacto de un Incremento de la Capacidad de Generaci\u00f3n de Energ\u00eda a partir Biomasa en Plantas de Cogeneraci\u00f3n<\/a>\n\n  \n\n<\/div>\n<\/div>\n<hr class=\"element element_1670882918442  hr \">\n<\/hr>\n    <\/div>\n  <\/div><div class=\"item item-524 skin flat even 84 \">\n        <div class=\"layer-wrapper layout-102\">\n      <div class=\" element_1670265978613\"\n  id=\"\">\n  <div class=\"element element_1670276045419  excerpt \">\n  2010  <\/div>\n<div class=\"element element_1670266093034  title \">\n    <a target=\"_self\"\n    href=\"https:\/\/www.macardenete.com\/es\/publicacion\/influencia-del-sector-exterior-en-el-proceso-de-generacion-de-rentas-de-la-economia-espanola-mediante-un-analisis-multisectorial\/\">Influencia del Sector Exterior en el Proceso de Generaci\u00f3n de Rentas de la Econom\u00eda Espa\u00f1ola mediante un An\u00e1lisis Multisectorial<\/a>\n\n  \n\n<\/div>\n<\/div>\n<hr class=\"element element_1670882918442  hr \">\n<\/hr>\n    <\/div>\n  <\/div><div class=\"item item-523 skin flat odd 85 \">\n        <div class=\"layer-wrapper layout-102\">\n      <div class=\" element_1670265978613\"\n  id=\"\">\n  <div class=\"element element_1670276045419  excerpt \">\n  2010  <\/div>\n<div class=\"element element_1670266093034  title \">\n    <a target=\"_self\"\n    href=\"https:\/\/www.macardenete.com\/es\/publicacion\/obtaining-efficient-economic-and-environmental-policies-for-the-spanish-economy\/\">Obtaining Efficient Economic and Environmental Policies for the Spanish Economy<\/a>\n\n  \n\n<\/div>\n<\/div>\n<hr class=\"element element_1670882918442  hr \">\n<\/hr>\n    <\/div>\n  <\/div><div class=\"item item-522 skin flat even 86 \">\n        <div class=\"layer-wrapper layout-102\">\n      <div class=\" element_1670265978613\"\n  id=\"\">\n  <div class=\"element element_1670276045419  excerpt \">\n  2010  <\/div>\n<div class=\"element element_1670266093034  title \">\n    <a target=\"_self\"\n    href=\"https:\/\/www.macardenete.com\/es\/publicacion\/analisis-comparativo-de-las-intensidades-energeticas-en-andalucia-a-partir-de-las-matrices-de-contabilidad-social-2000-vs-2005\/\">An\u00e1lisis comparativo de las intensidades energ\u00e9ticas en Andaluc\u00eda a partir de las matrices de contabilidad social: 2000 vs. 2005<\/a>\n\n  \n\n<\/div>\n<\/div>\n<hr class=\"element element_1670882918442  hr \">\n<\/hr>\n    <\/div>\n  <\/div><div class=\"item item-521 skin flat odd 87 \">\n        <div class=\"layer-wrapper layout-102\">\n      <div class=\" element_1670265978613\"\n  id=\"\">\n  <div class=\"element element_1670276045419  excerpt \">\n  2010  <\/div>\n<div class=\"element element_1670266093034  title \">\n    <a target=\"_self\"\n    href=\"https:\/\/www.macardenete.com\/es\/publicacion\/analisis-de-sectores-claves-a-partir-de-la-matriz-de-contabilidad-social-de-andalucia-para-el-ano-2000\/\">An\u00e1lisis de sectores claves a partir de la matriz de contabilidad social de Andaluc\u00eda para el a\u00f1o 2000<\/a>\n\n  \n\n<\/div>\n<\/div>\n<hr class=\"element element_1670882918442  hr \">\n<\/hr>\n    <\/div>\n  <\/div><div class=\"item item-520 skin flat even 88 \">\n        <div class=\"layer-wrapper layout-102\">\n      <div class=\" element_1670265978613\"\n  id=\"\">\n  <div class=\"element element_1670276045419  excerpt \">\n  2010  <\/div>\n<div class=\"element element_1670266093034  title \">\n    <a target=\"_self\"\n    href=\"https:\/\/www.macardenete.com\/es\/publicacion\/andalucia-y-el-marco-comunitario-de-apoyo-2000-06-una-evaluacion-de-los-fondos-estructurales-recibidos\/\">Andaluc\u00eda y el Marco Comunitario de Apoyo 2000-06: Una Evaluaci\u00f3n de los Fondos Estructurales Recibidos<\/a>\n\n  \n\n<\/div>\n<\/div>\n<hr class=\"element element_1670882918442  hr \">\n<\/hr>\n    <\/div>\n  <\/div><div class=\"item item-519 skin flat odd 89 \">\n        <div class=\"layer-wrapper layout-102\">\n      <div class=\" element_1670265978613\"\n  id=\"\">\n  <div class=\"element element_1670276045419  excerpt \">\n  2009  <\/div>\n<div class=\"element element_1670266093034  title \">\n    <a target=\"_self\"\n    href=\"https:\/\/www.macardenete.com\/es\/publicacion\/assessing-the-effects-of-european-regional-policy-in-the-south-of-spain-a-price-model\/\">Assessing the Effects of European Regional Policy in the South of Spain: A Price Model<\/a>\n\n  \n\n<\/div>\n<\/div>\n<hr class=\"element element_1670882918442  hr \">\n<\/hr>\n    <\/div>\n  <\/div><div class=\"item item-518 skin flat even 90 \">\n        <div class=\"layer-wrapper layout-102\">\n      <div class=\" element_1670265978613\"\n  id=\"\">\n  <div class=\"element element_1670276045419  excerpt \">\n  2009  <\/div>\n<div class=\"element element_1670266093034  title \">\n    <a target=\"_self\"\n    href=\"https:\/\/www.macardenete.com\/es\/publicacion\/los-modelos-de-equilibrio-general-aplicado-una-revision-de-los-principales-campos-de-aplicacion-a-nivel-internacional\/\">Los modelos de equilibrio general aplicado: una revisi\u00f3n de los principales campos de aplicaci\u00f3n a nivel internacional<\/a>\n\n  \n\n<\/div>\n<\/div>\n<hr class=\"element element_1670882918442  hr \">\n<\/hr>\n    <\/div>\n  <\/div><div class=\"item item-517 skin flat odd 91 \">\n        <div class=\"layer-wrapper layout-102\">\n      <div class=\" element_1670265978613\"\n  id=\"\">\n  <div class=\"element element_1670276045419  excerpt \">\n  2009  <\/div>\n<div class=\"element element_1670266093034  title \">\n    <a target=\"_self\"\n    href=\"https:\/\/www.macardenete.com\/es\/publicacion\/federalismo-fiscal-a-partir-de-un-modelo-de-equilibrio-general-aplicado-andalucia-vs-espana\/\">Federalismo Fiscal a partir de un Modelo de Equilibrio General Aplicado: Andaluc\u00eda vs. Espa\u00f1a<\/a>\n\n  \n\n<\/div>\n<\/div>\n<hr class=\"element element_1670882918442  hr \">\n<\/hr>\n    <\/div>\n  <\/div><div class=\"item item-516 skin flat even 92 \">\n        <div class=\"layer-wrapper layout-102\">\n      <div class=\" element_1670265978613\"\n  id=\"\">\n  <div class=\"element element_1670276045419  excerpt \">\n  2009  <\/div>\n<div class=\"element element_1670266093034  title \">\n    <a target=\"_self\"\n    href=\"https:\/\/www.macardenete.com\/es\/publicacion\/a-goal-programming-approach-for-a-joint-design-of-macroeconomic-and-environmental-policies-a-methodological-proposal-and-an-application-to-the-spanish-economy\/\">A Goal Programming Approach for a Joint Design of Macroeconomic and Environmental Policies: a Methodological Proposal and an Application to...<\/a>\n\n  \n\n<\/div>\n<\/div>\n<hr class=\"element element_1670882918442  hr \">\n<\/hr>\n    <\/div>\n  <\/div><div class=\"item item-515 skin flat odd 93 \">\n        <div class=\"layer-wrapper layout-102\">\n      <div class=\" element_1670265978613\"\n  id=\"\">\n  <div class=\"element element_1670276045419  excerpt \">\n  2009  <\/div>\n<div class=\"element element_1670266093034  title \">\n    <a target=\"_self\"\n    href=\"https:\/\/www.macardenete.com\/es\/publicacion\/analisis-de-un-modelo-multisectorial-economico-ambiental-para-espana\/\">An\u00e1lisis de un modelo multisectorial econ\u00f3mico-ambiental para Espa\u00f1a,<\/a>\n\n  \n\n<\/div>\n<\/div>\n<hr class=\"element element_1670882918442  hr \">\n<\/hr>\n    <\/div>\n  <\/div><div class=\"item item-514 skin flat even 94 \">\n        <div class=\"layer-wrapper layout-102\">\n      <div class=\" element_1670265978613\"\n  id=\"\">\n  <div class=\"element element_1670276045419  excerpt \">\n  2009  <\/div>\n<div class=\"element element_1670266093034  title \">\n    <a target=\"_self\"\n    href=\"https:\/\/www.macardenete.com\/es\/publicacion\/defining-efficient-policies-in-a-general-equilibrium-model-a-multiobjective-approach\/\">Defining Efficient Policies in a General Equilibrium Model: A Multiobjective Approach<\/a>\n\n  \n\n<\/div>\n<\/div>\n<hr class=\"element element_1670882918442  hr \">\n<\/hr>\n    <\/div>\n  <\/div><div class=\"item item-513 skin flat odd 95 \">\n        <div class=\"layer-wrapper layout-102\">\n      <div class=\" element_1670265978613\"\n  id=\"\">\n  <div class=\"element element_1670276045419  excerpt \">\n  2009  <\/div>\n<div class=\"element element_1670266093034  title \">\n    <a target=\"_self\"\n    href=\"https:\/\/www.macardenete.com\/es\/publicacion\/effects-of-the-tax-on-retail-sales-of-some-fuels-on-a-regional-economy-a-cge-approach\/\">Effects of the Tax on Retail Sales of Some Fuels on a Regional Economy: a CGE Approach<\/a>\n\n  \n\n<\/div>\n<\/div>\n<hr class=\"element element_1670882918442  hr \">\n<\/hr>\n    <\/div>\n  <\/div><div class=\"item item-512 skin flat even 96 \">\n        <div class=\"layer-wrapper layout-102\">\n      <div class=\" element_1670265978613\"\n  id=\"\">\n  <div class=\"element element_1670276045419  excerpt \">\n  2009  <\/div>\n<div class=\"element element_1670266093034  title \">\n    <a target=\"_self\"\n    href=\"https:\/\/www.macardenete.com\/es\/publicacion\/designing-efficient-subsidy-policies-in-a-regional-economy-a-mcdm-cge-approach\/\">Designing Efficient Subsidy Policies in a Regional Economy. A MCDM-CGE Approach<\/a>\n\n  \n\n<\/div>\n<\/div>\n<hr class=\"element element_1670882918442  hr \">\n<\/hr>\n    <\/div>\n  <\/div><div class=\"item item-511 skin flat odd 97 \">\n        <div class=\"layer-wrapper layout-102\">\n      <div class=\" element_1670265978613\"\n  id=\"\">\n  <div class=\"element element_1670276045419  excerpt \">\n  2008  <\/div>\n<div class=\"element element_1670266093034  title \">\n    <a target=\"_self\"\n    href=\"https:\/\/www.macardenete.com\/es\/publicacion\/detection-of-key-sectors-by-using-a-social-accounting-matrices-an-alternative-approach\/\">Detection of Key Sectors by Using a Social Accounting Matrices: an Alternative Approach<\/a>\n\n  \n\n<\/div>\n<\/div>\n<hr class=\"element element_1670882918442  hr \">\n<\/hr>\n    <\/div>\n  <\/div><div class=\"item item-510 skin flat even 98 \">\n        <div class=\"layer-wrapper layout-102\">\n      <div class=\" element_1670265978613\"\n  id=\"\">\n  <div class=\"element element_1670276045419  excerpt \">\n  2008  <\/div>\n<div class=\"element element_1670266093034  title \">\n    <a target=\"_self\"\n    href=\"https:\/\/www.macardenete.com\/es\/publicacion\/analisis-de-intensidades-energeticas-y-emisiones-de-co2-a-partir-de-matrices-de-contabilidad-social-de-andalucia-para-el-ano-2000\/\">An\u00e1lisis de Intensidades Energ\u00e9ticas y Emisiones de CO2 a partir de Matrices de Contabilidad Social de Andaluc\u00eda para el A\u00f1o...<\/a>\n\n  \n\n<\/div>\n<\/div>\n<hr class=\"element element_1670882918442  hr \">\n<\/hr>\n    <\/div>\n  <\/div><div class=\"item item-509 skin flat odd 99 \">\n        <div class=\"layer-wrapper layout-102\">\n      <div class=\" element_1670265978613\"\n  id=\"\">\n  <div class=\"element element_1670276045419  excerpt \">\n  2008  <\/div>\n<div class=\"element element_1670266093034  title \">\n    <a target=\"_self\"\n    href=\"https:\/\/www.macardenete.com\/es\/publicacion\/politicas-economicas-y-ambientales-eficientes-en-un-contexto-de-equilibrio-general-aplicado\/\">Pol\u00edticas Econ\u00f3micas y Ambientales Eficientes en un Contexto de Equilibrio General Aplicado<\/a>\n\n  \n\n<\/div>\n<\/div>\n<hr class=\"element element_1670882918442  hr \">\n<\/hr>\n    <\/div>\n  <\/div><div class=\"item item-508 skin flat even 100 \">\n        <div class=\"layer-wrapper layout-102\">\n      <div class=\" element_1670265978613\"\n  id=\"\">\n  <div class=\"element element_1670276045419  excerpt \">\n  2008  <\/div>\n<div class=\"element element_1670266093034  title \">\n    <a target=\"_self\"\n    href=\"https:\/\/www.macardenete.com\/es\/publicacion\/ahorro-de-agua-mediante-la-implantacion-de-nuevas-tecnologias-en-el-sector-productivo-andaluz\/\">Ahorro de Agua Mediante la Implantaci\u00f3n de Nuevas Tecnolog\u00edas en el Sector Productivo Andaluz<\/a>\n\n  \n\n<\/div>\n<\/div>\n<hr class=\"element element_1670882918442  hr \">\n<\/hr>\n    <\/div>\n  <\/div><div class=\"item item-507 skin flat odd 101 \">\n        <div class=\"layer-wrapper layout-102\">\n      <div class=\" element_1670265978613\"\n  id=\"\">\n  <div class=\"element element_1670276045419  excerpt \">\n  2008  <\/div>\n<div class=\"element element_1670266093034  title \">\n    <a target=\"_self\"\n    href=\"https:\/\/www.macardenete.com\/es\/publicacion\/a-cge-model-to-assess-the-impact-of-european-structural-funds-in-the-south-of-spain\/\">A CGE Model to Assess the Impact of European Structural Funds in the South of Spain<\/a>\n\n  \n\n<\/div>\n<\/div>\n<hr class=\"element element_1670882918442  hr \">\n<\/hr>\n    <\/div>\n  <\/div><div class=\"item item-506 skin flat even 102 \">\n        <div class=\"layer-wrapper layout-102\">\n      <div class=\" element_1670265978613\"\n  id=\"\">\n  <div class=\"element element_1670276045419  excerpt \">\n  2008  <\/div>\n<div class=\"element element_1670266093034  title \">\n    <a target=\"_self\"\n    href=\"https:\/\/www.macardenete.com\/es\/publicacion\/using-compromise-programming-for-macroeconomic-policy-making-in-a-general-equilibrium-framework-theory-and-application-to-the-spanish-economy\/\">Using Compromise Programming for Macroeconomic Policy Making in a General Equilibrium Framework: Theory and Application to the Spanish Economy<\/a>\n\n  \n\n<\/div>\n<\/div>\n<hr class=\"element element_1670882918442  hr \">\n<\/hr>\n    <\/div>\n  <\/div><div class=\"item item-505 skin flat odd 103 \">\n        <div class=\"layer-wrapper layout-102\">\n      <div class=\" element_1670265978613\"\n  id=\"\">\n  <div class=\"element element_1670276045419  excerpt \">\n  2007  <\/div>\n<div class=\"element element_1670266093034  title \">\n    <a target=\"_self\"\n    href=\"https:\/\/www.macardenete.com\/es\/publicacion\/regional-evaluation-of-a-tax-on-the-retail-sales-of-certain-fuels-through-a-social-accounting-matrix\/\">Regional Evaluation of a Tax on the Retail Sales of Certain Fuels Through a Social Accounting Matrix<\/a>\n\n  \n\n<\/div>\n<\/div>\n<hr class=\"element element_1670882918442  hr \">\n<\/hr>\n    <\/div>\n  <\/div><div class=\"item item-504 skin flat even 104 \">\n        <div class=\"layer-wrapper layout-102\">\n      <div class=\" element_1670265978613\"\n  id=\"\">\n  <div class=\"element element_1670276045419  excerpt \">\n  2007  <\/div>\n<div class=\"element element_1670266093034  title \">\n    <a target=\"_self\"\n    href=\"https:\/\/www.macardenete.com\/es\/publicacion\/the-effects-of-european-structural-funds-in-a-regional-economy-an-applied-general-equilibrium-analysis\/\">The Effects of European Structural Funds in a Regional Economy: an Applied General Equilibrium Analysis<\/a>\n\n  \n\n<\/div>\n<\/div>\n<hr class=\"element element_1670882918442  hr \">\n<\/hr>\n    <\/div>\n  <\/div><div class=\"item item-503 skin flat odd 105 \">\n        <div class=\"layer-wrapper layout-102\">\n      <div class=\" element_1670265978613\"\n  id=\"\">\n  <div class=\"element element_1670276045419  excerpt \">\n  2007  <\/div>\n<div class=\"element element_1670266093034  title \">\n    <a target=\"_self\"\n    href=\"https:\/\/www.macardenete.com\/es\/publicacion\/economic-and-environmental-efficiency-using-a-social-accounting-matrix\/\">Economic and Environmental Efficiency using a Social Accounting Matrix<\/a>\n\n  \n\n<\/div>\n<\/div>\n<hr class=\"element element_1670882918442  hr \">\n<\/hr>\n    <\/div>\n  <\/div><div class=\"item item-502 skin flat even 106 \">\n        <div class=\"layer-wrapper layout-102\">\n      <div class=\" element_1670265978613\"\n  id=\"\">\n  <div class=\"element element_1670276045419  excerpt \">\n  2007  <\/div>\n<div class=\"element element_1670266093034  title \">\n    <a target=\"_self\"\n    href=\"https:\/\/www.macardenete.com\/es\/publicacion\/book-review-frontiers-in-applied-general-equilibrium-modeling\/\">Book review \u201cFrontiers in Applied General Equilibrium Modeling<\/a>\n\n  \n\n<\/div>\n<\/div>\n<hr class=\"element element_1670882918442  hr \">\n<\/hr>\n    <\/div>\n  <\/div><div class=\"item item-501 skin flat odd 107 \">\n        <div class=\"layer-wrapper layout-102\">\n      <div class=\" element_1670265978613\"\n  id=\"\">\n  <div class=\"element element_1670276045419  excerpt \">\n  2006  <\/div>\n<div class=\"element element_1670266093034  title \">\n    <a target=\"_self\"\n    href=\"https:\/\/www.macardenete.com\/es\/publicacion\/evaluacion-regional-del-impuesto-monofasico-de-venta-de-hidrocarburos-a-traves-de-matrices-de-contabilidad-social\/\">Evaluaci\u00f3n Regional del Impuesto Monof\u00e1sico de Venta de Hidrocarburos a trav\u00e9s de Matrices de Contabilidad Social<\/a>\n\n  \n\n<\/div>\n<\/div>\n<hr class=\"element element_1670882918442  hr \">\n<\/hr>\n    <\/div>\n  <\/div><div class=\"item item-500 skin flat even 108 \">\n        <div class=\"layer-wrapper layout-102\">\n      <div class=\" element_1670265978613\"\n  id=\"\">\n  <div class=\"element element_1670276045419  excerpt \">\n  2006  <\/div>\n<div class=\"element element_1670266093034  title \">\n    <a target=\"_self\"\n    href=\"https:\/\/www.macardenete.com\/es\/publicacion\/precio-del-agua-y-relocalizacion-sectorial-del-recurso-en-la-economia-andaluza-una-aproximacion-desde-un-modelo-de-equilibrio-general-aplicado\/\">Precio del Agua y Relocalizaci\u00f3n Sectorial del Recurso en la Econom\u00eda Andaluza. Una Aproximaci\u00f3n desde un Modelo de Equilibrio General...<\/a>\n\n  \n\n<\/div>\n<\/div>\n<hr class=\"element element_1670882918442  hr \">\n<\/hr>\n    <\/div>\n  <\/div><div class=\"item item-499 skin flat odd 109 \">\n        <div class=\"layer-wrapper layout-102\">\n      <div class=\" element_1670265978613\"\n  id=\"\">\n  <div class=\"element element_1670276045419  excerpt \">\n  2006  <\/div>\n<div class=\"element element_1670266093034  title \">\n    <a target=\"_self\"\n    href=\"https:\/\/www.macardenete.com\/es\/publicacion\/missing-links-in-key-sector-analysis\/\">Missing Links in Key Sector Analysis<\/a>\n\n  \n\n<\/div>\n<\/div>\n<hr class=\"element element_1670882918442  hr \">\n<\/hr>\n    <\/div>\n  <\/div><div class=\"item item-496 skin flat even 110 \">\n        <div class=\"layer-wrapper layout-102\">\n      <div class=\" element_1670265978613\"\n  id=\"\">\n  <div class=\"element element_1670276045419  excerpt \">\n  2006  <\/div>\n<div class=\"element element_1670266093034  title \">\n    <a target=\"_self\"\n    href=\"https:\/\/www.macardenete.com\/es\/publicacion\/elaboracion-de-una-matriz-de-contabilidad-social-a-traves-del-metodo-de-entropia-cruzada-espana-1995\/\">Elaboraci\u00f3n de una Matriz de Contabilidad Social a trav\u00e9s del M\u00e9todo de Entrop\u00eda Cruzada: Espa\u00f1a 1995<\/a>\n\n  \n\n<\/div>\n<\/div>\n<hr class=\"element element_1670882918442  hr \">\n<\/hr>\n    <\/div>\n  <\/div><div class=\"item item-495 skin flat odd 111 \">\n        <div class=\"layer-wrapper layout-102\">\n      <div class=\" element_1670265978613\"\n  id=\"\">\n  <div class=\"element element_1670276045419  excerpt \">\n  2006  <\/div>\n<div class=\"element element_1670266093034  title \">\n    <a target=\"_self\"\n    href=\"https:\/\/www.macardenete.com\/es\/publicacion\/analisis-de-impacto-economico-de-sectores-industriales-a-partir-de-matrices-de-contabilidad-social\/\">An\u00e1lisis de Impacto Econ\u00f3mico de Sectores Industriales a partir de Matrices de Contabilidad Social<\/a>\n\n  \n\n<\/div>\n<\/div>\n<hr class=\"element element_1670882918442  hr \">\n<\/hr>\n    <\/div>\n  <\/div><div class=\"item item-494 skin flat even 112 \">\n        <div class=\"layer-wrapper layout-102\">\n      <div class=\" element_1670265978613\"\n  id=\"\">\n  <div class=\"element element_1670276045419  excerpt \">\n  2006  <\/div>\n<div class=\"element element_1670266093034  title \">\n    <a target=\"_self\"\n    href=\"https:\/\/www.macardenete.com\/es\/publicacion\/analisis-de-los-fondos-estructurales-en-una-economia-regional-a-traves-de-matrices-de-contabilidad-social\/\">An\u00e1lisis de los Fondos Estructurales en una econom\u00eda regional a trav\u00e9s de matrices de contabilidad social<\/a>\n\n  \n\n<\/div>\n<\/div>\n<hr class=\"element element_1670882918442  hr \">\n<\/hr>\n    <\/div>\n  <\/div><div class=\"item item-493 skin flat odd 113 \">\n        <div class=\"layer-wrapper layout-102\">\n      <div class=\" element_1670265978613\"\n  id=\"\">\n  <div class=\"element element_1670276045419  excerpt \">\n  2005  <\/div>\n<div class=\"element element_1670266093034  title \">\n    <a target=\"_self\"\n    href=\"https:\/\/www.macardenete.com\/es\/publicacion\/los-modelos-de-equilibrio-general-aplicado-en-espana-una-revision\/\">Los Modelos de Equilibrio General Aplicado en Espa\u00f1a: una Revisi\u00f3n<\/a>\n\n  \n\n<\/div>\n<\/div>\n<hr class=\"element element_1670882918442  hr \">\n<\/hr>\n    <\/div>\n  <\/div><div class=\"item item-492 skin flat even 114 \">\n        <div class=\"layer-wrapper layout-102\">\n      <div class=\" element_1670265978613\"\n  id=\"\">\n  <div class=\"element element_1670276045419  excerpt \">\n  2005  <\/div>\n<div class=\"element element_1670266093034  title \">\n    <a target=\"_self\"\n    href=\"https:\/\/www.macardenete.com\/es\/publicacion\/performing-an-environmental-tax-reform-in-a-regional-economy\/\">Performing an Environmental Tax Reform in a Regional Economy<\/a>\n\n  \n\n<\/div>\n<\/div>\n<hr class=\"element element_1670882918442  hr \">\n<\/hr>\n    <\/div>\n  <\/div><div class=\"item item-491 skin flat odd 115 \">\n        <div class=\"layer-wrapper layout-102\">\n      <div class=\" element_1670265978613\"\n  id=\"\">\n  <div class=\"element element_1670276045419  excerpt \">\n  2005  <\/div>\n<div class=\"element element_1670266093034  title \">\n    <a target=\"_self\"\n    href=\"https:\/\/www.macardenete.com\/es\/publicacion\/a-structural-analysis-of-a-regional-economy-using-a-social-accounting-matrices-1990-1999\/\">A Structural Analysis of a Regional Economy using a Social Accounting Matrices: 1990-1999<\/a>\n\n  \n\n<\/div>\n<\/div>\n<hr class=\"element element_1670882918442  hr \">\n<\/hr>\n    <\/div>\n  <\/div><div class=\"item item-490 skin flat even 116 \">\n        <div class=\"layer-wrapper layout-102\">\n      <div class=\" element_1670265978613\"\n  id=\"\">\n  <div class=\"element element_1670276045419  excerpt \">\n  2005  <\/div>\n<div class=\"element element_1670266093034  title \">\n    <a target=\"_self\"\n    href=\"https:\/\/www.macardenete.com\/es\/publicacion\/estimacion-anual-de-matrices-de-contabilidad-social-social-aplicacion-a-la-economia-espanola-para-los-anos-1995-y-1998\/\">Estimaci\u00f3n Anual de Matrices de Contabilidad Social Social: Aplicaci\u00f3n a la Econom\u00eda Espa\u00f1ola para los a\u00f1os 1995 y 1998<\/a>\n\n  \n\n<\/div>\n<\/div>\n<hr class=\"element element_1670882918442  hr \">\n<\/hr>\n    <\/div>\n  <\/div><div class=\"item item-489 skin flat odd 117 \">\n        <div class=\"layer-wrapper layout-102\">\n      <div class=\" element_1670265978613\"\n  id=\"\">\n  <div class=\"element element_1670276045419  excerpt \">\n  2004  <\/div>\n<div class=\"element element_1670266093034  title \">\n    <a target=\"_self\"\n    href=\"https:\/\/www.macardenete.com\/es\/publicacion\/evaluacion-de-una-reduccion-de-las-cuota-empresariales-a-la-seguridad-social-a-nivel-regional-a-traves-de-un-modelo-de-equilibrio-general-aplicado-el-caso-de-andalucia\/\">Evaluaci\u00f3n de una Reducci\u00f3n de las Cuota Empresariales a la Seguridad Social a nivel Regional a trav\u00e9s de un Modelo...<\/a>\n\n  \n\n<\/div>\n<\/div>\n<hr class=\"element element_1670882918442  hr \">\n<\/hr>\n    <\/div>\n  <\/div><div class=\"item item-488 skin flat even 118 \">\n        <div class=\"layer-wrapper layout-102\">\n      <div class=\" element_1670265978613\"\n  id=\"\">\n  <div class=\"element element_1670276045419  excerpt \">\n  2004  <\/div>\n<div class=\"element element_1670266093034  title \">\n    <a target=\"_self\"\n    href=\"https:\/\/www.macardenete.com\/es\/publicacion\/sensitivity-of-simulation-results-to-competing-sam-updates\/\">Sensitivity of Simulation Results to Competing SAM Updates<\/a>\n\n  \n\n<\/div>\n<\/div>\n<hr class=\"element element_1670882918442  hr \">\n<\/hr>\n    <\/div>\n  <\/div><div class=\"item item-487 skin flat odd 119 \">\n        <div class=\"layer-wrapper layout-102\">\n      <div class=\" element_1670265978613\"\n  id=\"\">\n  <div class=\"element element_1670276045419  excerpt \">\n  2004  <\/div>\n<div class=\"element element_1670266093034  title \">\n    <a target=\"_self\"\n    href=\"https:\/\/www.macardenete.com\/es\/publicacion\/reverse-impact-assessment-using-a-regional-sam\/\">Reverse Impact Assessment Using a Regional SAM<\/a>\n\n  \n\n<\/div>\n<\/div>\n<hr class=\"element element_1670882918442  hr \">\n<\/hr>\n    <\/div>\n  <\/div><div class=\"item item-486 skin flat even 120 \">\n        <div class=\"layer-wrapper layout-102\">\n      <div class=\" element_1670265978613\"\n  id=\"\">\n  <div class=\"element element_1670276045419  excerpt \">\n  2003  <\/div>\n<div class=\"element element_1670266093034  title \">\n    <a target=\"_self\"\n    href=\"https:\/\/www.macardenete.com\/es\/publicacion\/evaluacion-de-multiplicadores-contables-en-el-marco-de-una-matriz-de-contabilidad-social-regional\/\">Evaluaci\u00f3n de Multiplicadores Contables en el Marco de una Matriz de Contabilidad Social Regional<\/a>\n\n  \n\n<\/div>\n<\/div>\n<hr class=\"element element_1670882918442  hr \">\n<\/hr>\n    <\/div>\n  <\/div><div class=\"item item-485 skin flat odd 121 \">\n        <div class=\"layer-wrapper layout-102\">\n      <div class=\" element_1670265978613\"\n  id=\"\">\n  <div class=\"element element_1670276045419  excerpt \">\n  2003  <\/div>\n<div class=\"element element_1670266093034  title \">\n    <a target=\"_self\"\n    href=\"https:\/\/www.macardenete.com\/es\/publicacion\/an-applied-general-equilibrium-model-to-assess-the-impact-of-national-tax-changes-on-a-regional-economy\/\">An Applied General Equilibrium Model to Assess the Impact of National Tax Changes on a Regional Economy<\/a>\n\n  \n\n<\/div>\n<\/div>\n<hr class=\"element element_1670882918442  hr \">\n<\/hr>\n    <\/div>\n  <\/div><div class=\"item item-484 skin flat even 122 \">\n        <div class=\"layer-wrapper layout-102\">\n      <div class=\" element_1670265978613\"\n  id=\"\">\n  <div class=\"element element_1670276045419  excerpt \">\n  2002  <\/div>\n<div class=\"element element_1670266093034  title \">\n    <a target=\"_self\"\n    href=\"https:\/\/www.macardenete.com\/es\/publicacion\/prices-effects-of-indirect-taxation-in-a-regional-economy\/\">Prices effects of indirect taxation in a regional economy<\/a>\n\n  \n\n<\/div>\n<\/div>\n<hr class=\"element element_1670882918442  hr \">\n<\/hr>\n    <\/div>\n  <\/div><div class=\"item item-483 skin flat odd 123 \">\n        <div class=\"layer-wrapper layout-102\">\n      <div class=\" element_1670265978613\"\n  id=\"\">\n  <div class=\"element element_1670276045419  excerpt \">\n  2002  <\/div>\n<div class=\"element element_1670266093034  title \">\n    <a target=\"_self\"\n    href=\"https:\/\/www.macardenete.com\/es\/publicacion\/evaluacion-de-los-impuestos-indirectos-en-una-economia-regional\/\">Evaluaci\u00f3n de los impuestos indirectos en una Econom\u00eda regional<\/a>\n\n  \n\n<\/div>\n<\/div>\n<hr class=\"element element_1670882918442  hr \">\n<\/hr>\n    <\/div>\n  <\/div><div class=\"item item-482 skin flat even 124 \">\n        <div class=\"layer-wrapper layout-102\">\n      <div class=\" element_1670265978613\"\n  id=\"\">\n  <div class=\"element element_1670276045419  excerpt \">\n  2001  <\/div>\n<div class=\"element element_1670266093034  title \">\n    <a target=\"_self\"\n    href=\"https:\/\/www.macardenete.com\/es\/publicacion\/el-nuevo-marco-input-output-y-la-sam-de-andalucia-para-1995\/\">El nuevo marco input-output y la SAM de Andaluc\u00eda para 1995<\/a>\n\n  \n\n<\/div>\n<\/div>\n<hr class=\"element element_1670882918442  hr \">\n<\/hr>\n    <\/div>\n  <\/div><div class=\"item item-481 skin flat odd 125 \">\n        <div class=\"layer-wrapper layout-102\">\n      <div class=\" element_1670265978613\"\n  id=\"\">\n  <div class=\"element element_1670276045419  excerpt \">\n  2000  <\/div>\n<div class=\"element element_1670266093034  title \">\n    <a target=\"_self\"\n    href=\"https:\/\/www.macardenete.com\/es\/publicacion\/analisis-comparativo-de-las-economias-andaluzas-y-extremenas-a-traves-de-sus-mcs\/\">An\u00e1lisis comparativo de las Econom\u00edas andaluzas y extreme\u00f1as a trav\u00e9s de sus MCS<\/a>\n\n  \n\n<\/div>\n<\/div>\n<hr class=\"element element_1670882918442  hr \">\n<\/hr>\n    <\/div>\n  <\/div><div class=\"item item-480 skin flat even 126 \">\n        <div class=\"layer-wrapper layout-102\">\n      <div class=\" element_1670265978613\"\n  id=\"\">\n  <div class=\"element element_1670276045419  excerpt \">\n  1998  <\/div>\n<div class=\"element element_1670266093034  title \">\n    <a target=\"_self\"\n    href=\"https:\/\/www.macardenete.com\/es\/publicacion\/una-matriz-de-contabilidad-social-para-la-economia-andaluza-1990\/\">Una matriz de contabilidad social para la Econom\u00eda andaluza: 1990<\/a>\n\n  \n\n<\/div>\n<\/div>\n<hr class=\"element element_1670882918442  hr \">\n<\/hr>\n    <\/div>\n  <\/div>    <\/div>\n    <div class=\"pagination\">\n      <div class=\"paginate\">\n      <\/div>\n  <style type=\"text\/css\">\n    #post-grid-182 .pagination .page-numbers {\n      font-size: 16px;\n      color: #fff;\n      background: #646464;\n    }\n\n    #post-grid-182 .pagination .page-numbers:hover,\n    #post-grid-182 .pagination .page-numbers.current {\n      background: #4b4b4b;\n    }\n  <\/style>\n  <\/div>\n  <style type=\"text\/css\">\n  .layout-102 .element_1670265978613 {\n      }\n\n    <\/style>\n  <style type=\"text\/css\">\n.layout-102 .element_1670276045419 {\n  font-size: 15px;\n  margin: 10px 0;\n  text-align: left;\n  }\n\n.layout-102 .element_1670276045419 a {\n  font-size: 15px;\n  }\n<\/style>\n<style type=\"text\/css\">\n.layout-102 .element_1670266093034 {\n  font-size: 20px;\n  margin: 10px 0;\n  text-align: left;\n  }\n\n.layout-102 .element_1670266093034 a {\n  font-size: 20px;\n  margin: 10px 0;\n  text-align: left;\n  }\n<\/style>\n<style type=\"text\/css\">\n.layout-102 .element_1670882918442 {\n  margin: 25px 0px;\n  }\n\n<\/style>\n\n\n  \n\n    <script>\n          <\/script>\n    <style type=\"text\/css\">\n    #post-grid-182 {\n      padding: 10px;\n          }\n\n    #post-grid-182 .item {\n      padding: 0px;\n      background: #fff;\n          }\n\n    #post-grid-182 .item .layer-media {\n      height:auto;    }\n\n    @media only screen and (min-width: 0px) and (max-width: 767px) {\n      #post-grid-182 .grid-items {\n        display: grid;\n        grid-template-columns: 1fr ;\n        column-gap: 10px;\n        row-gap: 10px;\n              }\n\n      #post-grid-182 .item {\n        height:auto;      }\n    }\n\n    @media only screen and (min-width: 768px) and (max-width: 1023px) {\n      #post-grid-182 .grid-items {\n        display: grid;\n        grid-template-columns: 1fr ;\n        column-gap: 10px;\n        row-gap: 10px;\n              }\n\n      #post-grid-182 .item {\n        max-height:auto;      }\n    }\n\n    @media only screen and (min-width: 1024px) {\n      #post-grid-182 .grid-items {\n        display: grid;\n        grid-template-columns: 1fr ;\n        column-gap: 10px;\n        row-gap: 10px;\n              }\n\n      #post-grid-182 .item {\n        height:auto;      }\n    }\n\n      <\/style>\n  <\/div>\n\n","protected":false},"excerpt":{"rendered":"<a class=\"btn btn-primary read-more-button\" href=\"https:\/\/www.macardenete.com\/es\/publicacion\/una-matriz-de-contabilidad-social-para-la-economia-andaluza-1990\/\">Leer m\u00e1s...<\/a>","protected":false},"author":1,"featured_media":0,"parent":9,"menu_order":0,"comment_status":"closed","ping_status":"closed","template":"pages-templates\/left-sidebar.php","meta":{"_acf_changed":false,"pgc_meta":"","inline_featured_image":false,"footnotes":""},"class_list":["post-162","page","type-page","status-publish","hentry"],"acf":[],"pgc_meta":"","jetpack_sharing_enabled":true,"_links":{"self":[{"href":"https:\/\/www.macardenete.com\/es\/wp-json\/wp\/v2\/pages\/162","targetHints":{"allow":["GET"]}}],"collection":[{"href":"https:\/\/www.macardenete.com\/es\/wp-json\/wp\/v2\/pages"}],"about":[{"href":"https:\/\/www.macardenete.com\/es\/wp-json\/wp\/v2\/types\/page"}],"author":[{"embeddable":true,"href":"https:\/\/www.macardenete.com\/es\/wp-json\/wp\/v2\/users\/1"}],"replies":[{"embeddable":true,"href":"https:\/\/www.macardenete.com\/es\/wp-json\/wp\/v2\/comments?post=162"}],"version-history":[{"count":5,"href":"https:\/\/www.macardenete.com\/es\/wp-json\/wp\/v2\/pages\/162\/revisions"}],"predecessor-version":[{"id":185,"href":"https:\/\/www.macardenete.com\/es\/wp-json\/wp\/v2\/pages\/162\/revisions\/185"}],"up":[{"embeddable":true,"href":"https:\/\/www.macardenete.com\/es\/wp-json\/wp\/v2\/pages\/9"}],"wp:attachment":[{"href":"https:\/\/www.macardenete.com\/es\/wp-json\/wp\/v2\/media?parent=162"}],"curies":[{"name":"wp","href":"https:\/\/api.w.org\/{rel}","templated":true}]}}